{"id":350141,"date":"2020-03-27T08:43:24","date_gmt":"2020-03-27T07:43:24","guid":{"rendered":"https:\/\/cnsfg.cat\/actividades\/alquiler\/"},"modified":"2025-07-23T14:43:52","modified_gmt":"2025-07-23T12:43:52","slug":"alquiler","status":"publish","type":"page","link":"https:\/\/cnsfg.cat\/es\/actividades\/alquiler\/","title":{"rendered":"Alquiler"},"content":{"rendered":"<p>[et_pb_section fb_built=\u00bb1&#8243; admin_label=\u00bbimagen\u00bb module_class=\u00bbtina_careers_header\u00bb _builder_version=\u00bb4.27.4&#8243; use_background_color_gradient=\u00bbon\u00bb background_color_gradient_stops=\u00bbrgba(255,0,0,0) 0%|rgba(255,255,255,0) 36%|#ffffff 100%\u00bb background_color_gradient_overlays_image=\u00bbon\u00bb background_image=\u00bb@ET-DC@eyJkeW5hbWljIjp0cnVlLCJjb250ZW50IjoicG9zdF9mZWF0dXJlZF9pbWFnZSIsInNldHRpbmdzIjp7fX0=@\u00bb height=\u00bb450px\u00bb height_tablet=\u00bb350px\u00bb height_phone=\u00bb188px\u00bb height_last_edited=\u00bbon|phone\u00bb custom_margin_tablet=\u00bb\u00bb custom_margin_phone=\u00bb70px||||false|false\u00bb custom_margin_last_edited=\u00bbon|phone\u00bb custom_padding=\u00bb0px||0px||false|false\u00bb hover_enabled=\u00bb0&#8243; background_last_edited=\u00bbon|desktop\u00bb locked=\u00bboff\u00bb global_colors_info=\u00bb{}\u00bb _dynamic_attributes=\u00bbbackground_image\u00bb background_position=\u00bbbottom_right\u00bb sticky_enabled=\u00bb0&#8243;][\/et_pb_section][et_pb_section fb_built=\u00bb1&#8243; _builder_version=\u00bb4.16&#8243; _module_preset=\u00bb823a4ffd-90f5-4a00-a2e7-b31f4bace74d\u00bb custom_margin=\u00bb0px||||false|false\u00bb custom_margin_tablet=\u00bb\u00bb custom_margin_phone=\u00bb0px||0px||false|false\u00bb custom_margin_last_edited=\u00bbon|phone\u00bb locked=\u00bboff\u00bb collapsed=\u00bboff\u00bb global_colors_info=\u00bb{}\u00bb][et_pb_row _builder_version=\u00bb4.16&#8243; _module_preset=\u00bba5ffc339-760b-420b-ab1c-74de3f804064&#8243; global_colors_info=\u00bb{}\u00bb][et_pb_column type=\u00bb4_4&#8243; _builder_version=\u00bb4.16&#8243; _module_preset=\u00bbdefault\u00bb global_colors_info=\u00bb{}\u00bb][et_pb_text admin_label=\u00bbcontacta Text\u00bb module_class=\u00bbh1Up\u00bb _builder_version=\u00bb4.27.2&#8243; _module_preset=\u00bbf1e0e75e-444a-45fd-a7a1-01dd37f8b987&#8243; custom_margin=\u00bb0px||||false|false\u00bb global_colors_info=\u00bb{}\u00bb]<\/p>\n<h1>Alquiler<\/h1>\n<p>[\/et_pb_text][\/et_pb_column][\/et_pb_row][\/et_pb_section][et_pb_section fb_built=\u00bb1&#8243; custom_padding_last_edited=\u00bbon|tablet\u00bb admin_label=\u00bbLloguers activitats al mar\u00bb module_class=\u00bbtina_coolin_content\u00bb _builder_version=\u00bb4.16&#8243; custom_padding=\u00bb0px||0px||false|false\u00bb custom_padding_tablet=\u00bb||0px||false|false\u00bb custom_padding_phone=\u00bb\u00bb custom_css_main_element=\u00bboverflow: hidden;\u00bb collapsed=\u00bboff\u00bb global_colors_info=\u00bb{}\u00bb][et_pb_row column_structure=\u00bb1_3,2_3&#8243; use_custom_gutter=\u00bbon\u00bb gutter_width=\u00bb2&#8243; custom_padding_last_edited=\u00bbon|tablet\u00bb admin_label=\u00bbcontenido\u00bb _builder_version=\u00bb4.16&#8243; width=\u00bb90%\u00bb custom_padding=\u00bb102px||74px||false|false\u00bb custom_padding_tablet=\u00bb60px||60px||false|false\u00bb custom_padding_phone=\u00bb\u00bb custom_css_before=\u00bbcontent: %22%22;||display: block;||background-color: #f5f5f5;||position: absolute;||left:0;||top:0;||width: 500%;||height: 90%;\u00bb global_colors_info=\u00bb{}\u00bb][et_pb_column type=\u00bb1_3&#8243; _builder_version=\u00bb4.16&#8243; custom_css_main_element=\u00bb    width: 31.5% !important;||    margin-right: 2.5% !important;\u00bb global_colors_info=\u00bb{}\u00bb][et_pb_image src=\u00bbhttps:\/\/cnsfg.cat\/wp-content\/uploads\/2021\/08\/202105_CNS_recurs_0064-1920px.jpg\u00bb title_text=\u00bb202105_CNS_recurs_0064-1920px\u00bb align_tablet=\u00bbcenter\u00bb align_phone=\u00bbcenter\u00bb align_last_edited=\u00bbon|desktop\u00bb admin_label=\u00bbImage &#8211; 369x552px\u00bb _builder_version=\u00bb4.16&#8243; positioning=\u00bbrelative\u00bb horizontal_offset=\u00bb-20%\u00bb locked=\u00bboff\u00bb global_colors_info=\u00bb{}\u00bb][\/et_pb_image][\/et_pb_column][et_pb_column type=\u00bb2_3&#8243; _builder_version=\u00bb4.16&#8243; custom_padding=\u00bb1.3%||||false|false\u00bb global_colors_info=\u00bb{}\u00bb][et_pb_text _builder_version=\u00bb4.16&#8243; _module_preset=\u00bba9637137-e175-4c07-942f-c294692118b6&#8243; global_colors_info=\u00bb{}\u00bb]<\/p>\n<h2>Vela, surf, kayak y alquiler de bicicletas<\/h2>\n<p>[\/et_pb_text][et_pb_text _builder_version=\u00bb4.16&#8243; _module_preset=\u00bbdefault\u00bb text_font=\u00bbMontserrat||||||||\u00bb text_text_color=\u00bb#9b9b9b\u00bb text_font_size=\u00bb16px\u00bb locked=\u00bboff\u00bb global_colors_info=\u00bb{}\u00bb]El Club N\u00e1utico ofrece a sus socios y visitantes el alquiler de bicicletas, barcos y otros materiales para practicar diversos deportes acu\u00e1ticos en las inmediaciones de Sant Feliu de Gu\u00edxols y explorar la Costa Brava desde el mar o en tierra.  [\/et_pb_text][et_pb_button button_url=\u00bb#reserva-lloguer\u00bb button_text=\u00bbSolicite disponibilidad ahora\u00bb _builder_version=\u00bb4.16&#8243; _module_preset=\u00bbdefault\u00bb custom_button=\u00bbon\u00bb button_text_color=\u00bb#FFFFFF\u00bb button_bg_color=\u00bb#52A4CC\u00bb button_border_width=\u00bb0px\u00bb button_icon=\u00bb&#x3d;||divi||400&#8243; global_colors_info=\u00bb{}\u00bb][\/et_pb_button][\/et_pb_column][\/et_pb_row][\/et_pb_section][et_pb_section fb_built=\u00bb1&#8243; custom_padding_last_edited=\u00bbon|tablet\u00bb admin_label=\u00bbLifetime Blurbs &#8211; Tina\u00bb module_class=\u00bbtina_lifetime_blurbs\u00bb _builder_version=\u00bb4.16&#8243; custom_padding=\u00bb1px||5px||false|false\u00bb custom_padding_tablet=\u00bb40px||0px||false|false\u00bb custom_padding_phone=\u00bb\u00bb locked=\u00bboff\u00bb global_colors_info=\u00bb{}\u00bb][et_pb_row column_structure=\u00bb1_2,1_2&#8243; admin_label=\u00bbBlurbs de por vida &#8211; Tina &#8211; Fila\u00bb _builder_version=\u00bb4.16&#8243; width=\u00bb90%\u00bb custom_padding=\u00bb7px|||||\u00bb global_colors_info=\u00bb{}\u00bb][et_pb_column type=\u00bb1_2&#8243; _builder_version=\u00bb4.16&#8243; custom_css_main_element=\u00bb    width: 49% !important;||    margin-right: 2% !important;\u00bb global_colors_info=\u00bb{}\u00bb][et_pb_blurb title=\u00bbAlquiler de vela\u00bb content_max_width=\u00bb100%\u00bb admin_label=\u00bbLifetime Blurbs &#8211; Tina &#8211; Blurb &#8211; icon 38&#215;38&#8243; _builder_version=\u00bb4.16&#8243; header_level=\u00bbh3&#8243; header_font=\u00bbMontserrat||||||||\u00bb header_text_color=\u00bb#909090&#8243; header_font_size=\u00bb16px\u00bb header_line_height=\u00bb120%\u00bb custom_margin=\u00bb||15px||false|false\u00bb custom_padding=\u00bb14px|45px|14px|21px|true|false\u00bb child_filter_hue_rotate=\u00bb208deg\u00bb child_filter_brightness=\u00bb35%\u00bb animation=\u00bboff\u00bb link_option_url=\u00bb#lloguer-vela\u00bb custom_css_blurb_image=\u00bb    margin: 0;||    position: absolute;||    right: 14px;||    top: 50%;||    transform: translate(0px, -50%);||    width: 24px;\u00bb custom_css_blurb_title=\u00bbfont-weight: 600 !important;||padding-bottom: 0 !important;\u00bb custom_css_blurb_content=\u00bbposition: static !important;\u00bb border_width_all=\u00bb1px\u00bb border_color_all=\u00bb#ebebeb\u00bb global_colors_info=\u00bb{}\u00bb header_text_color__hover_enabled=\u00bbon|hover\u00bb header_text_color__hover=\u00bb#dec79b\u00bb child_filter_brightness__hover_enabled=\u00bbon|hover\u00bb child_filter_brightness__hover=\u00bb100%\u00bb child_filter_hue_rotate__hover_enabled=\u00bbon|hover\u00bb child_filter_hue_rotate__hover=\u00bb0deg\u00bb][\/et_pb_blurb][et_pb_blurb title=\u00bbAlquiler de kayaks\u00bb content_max_width=\u00bb100%\u00bb admin_label=\u00bbLifetime Blurbs &#8211; Tina &#8211; Blurb &#8211; icon 38&#215;38&#8243; _builder_version=\u00bb4.16&#8243; header_font=\u00bbMontserrat||||||||\u00bb header_text_color=\u00bb#909090&#8243; header_font_size=\u00bb16px\u00bb header_line_height=\u00bb120%\u00bb custom_margin=\u00bb||15px||false|false\u00bb custom_padding=\u00bb14px|45px|14px|21px|true|false\u00bb child_filter_hue_rotate=\u00bb208deg\u00bb child_filter_brightness=\u00bb35%\u00bb animation=\u00bboff\u00bb link_option_url=\u00bb#lloguer-caiac\u00bb custom_css_blurb_image=\u00bb    margin: 0;||    position: absolute;||    right: 14px;||    top: 50%;||    transform: translate(0px, -50%);||    width: 24px;\u00bb custom_css_blurb_title=\u00bbfont-weight: 600 !important;||padding-bottom: 0 !important;\u00bb custom_css_blurb_content=\u00bbposition: static !important;\u00bb border_width_all=\u00bb1px\u00bb border_color_all=\u00bb#ebebeb\u00bb global_colors_info=\u00bb{}\u00bb header_text_color__hover_enabled=\u00bbon|hover\u00bb header_text_color__hover=\u00bb#dec79b\u00bb child_filter_brightness__hover_enabled=\u00bbon|hover\u00bb child_filter_brightness__hover=\u00bb100%\u00bb child_filter_hue_rotate__hover_enabled=\u00bbon|hover\u00bb child_filter_hue_rotate__hover=\u00bb0deg\u00bb][\/et_pb_blurb][et_pb_blurb title=\u00bbAlquiler y salidas de grandes embarcaciones de vela o a motor\u00bb content_max_width=\u00bb100%\u00bb admin_label=\u00bbLifetime Blurbs &#8211; Tina &#8211; Blurb &#8211; icon 38&#215;38&#8243; _builder_version=\u00bb4.16&#8243; header_font=\u00bbMontserrat||||||||\u00bb header_text_color=\u00bb#909090&#8243; header_font_size=\u00bb16px\u00bb header_line_height=\u00bb120%\u00bb custom_margin=\u00bb||15px||false|false\u00bb custom_padding=\u00bb14px|45px|14px|21px|true|false\u00bb child_filter_hue_rotate=\u00bb208deg\u00bb child_filter_brightness=\u00bb35%\u00bb animation=\u00bboff\u00bb link_option_url=\u00bb#lloguer-grans\u00bb custom_css_blurb_image=\u00bb    margin: 0;||    position: absolute;||    right: 14px;||    top: 50%;||    transform: translate(0px, -50%);||    width: 24px;\u00bb custom_css_blurb_title=\u00bbfont-weight: 600 !important;||padding-bottom: 0 !important;\u00bb custom_css_blurb_content=\u00bbposition: static !important;\u00bb border_width_all=\u00bb1px\u00bb border_color_all=\u00bb#ebebeb\u00bb global_colors_info=\u00bb{}\u00bb header_text_color__hover_enabled=\u00bbon|hover\u00bb header_text_color__hover=\u00bb#dec79b\u00bb child_filter_brightness__hover_enabled=\u00bbon|hover\u00bb child_filter_brightness__hover=\u00bb100%\u00bb child_filter_hue_rotate__hover_enabled=\u00bbon|hover\u00bb child_filter_hue_rotate__hover=\u00bb0deg\u00bb][\/et_pb_blurb][\/et_pb_column][et_pb_column type=\u00bb1_2&#8243; _builder_version=\u00bb4.16&#8243; custom_css_main_element=\u00bb    width: 49% !important;\u00bb global_colors_info=\u00bb{}\u00bb][et_pb_blurb title=\u00bbAlquiler de Paddle SUP\u00bb content_max_width=\u00bb100%\u00bb admin_label=\u00bbLifetime Blurbs &#8211; Tina &#8211; Blurb &#8211; icon 38&#215;38&#8243; _builder_version=\u00bb4.27.4&#8243; header_font=\u00bbMontserrat||||||||\u00bb header_text_color=\u00bb#909090&#8243; header_font_size=\u00bb16px\u00bb header_line_height=\u00bb120%\u00bb custom_margin=\u00bb||15px||false|false\u00bb custom_padding=\u00bb14px|45px|14px|21px|true|false\u00bb child_filter_hue_rotate=\u00bb208deg\u00bb child_filter_brightness=\u00bb35%\u00bb animation=\u00bboff\u00bb link_option_url=\u00bb#lloguer-surf\u00bb custom_css_blurb_image=\u00bb    margin: 0;||    position: absolute;||    right: 14px;||    top: 50%;||    transform: translate(0px, -50%);||    width: 24px;\u00bb custom_css_blurb_title=\u00bbfont-weight: 600 !important;||padding-bottom: 0 !important;\u00bb custom_css_blurb_content=\u00bbposition: static !important;\u00bb border_width_all=\u00bb1px\u00bb border_color_all=\u00bb#ebebeb\u00bb locked=\u00bboff\u00bb global_colors_info=\u00bb{}\u00bb header_text_color__hover_enabled=\u00bbon|hover\u00bb header_text_color__hover=\u00bb#dec79b\u00bb child_filter_brightness__hover_enabled=\u00bbon|hover\u00bb child_filter_brightness__hover=\u00bb100%\u00bb child_filter_hue_rotate__hover_enabled=\u00bbon|hover\u00bb child_filter_hue_rotate__hover=\u00bb0deg\u00bb][\/et_pb_blurb][et_pb_blurb title=\u00bbAlquiler de bicicletas\u00bb content_max_width=\u00bb100%\u00bb admin_label=\u00bbLifetime Blurbs &#8211; Tina &#8211; Blurb &#8211; icon 38&#215;38&#8243; _builder_version=\u00bb4.16&#8243; header_font=\u00bbMontserrat||||||||\u00bb header_text_color=\u00bb#909090&#8243; header_font_size=\u00bb16px\u00bb header_line_height=\u00bb120%\u00bb custom_margin=\u00bb||15px||false|false\u00bb custom_padding=\u00bb14px|45px|14px|21px|true|false\u00bb child_filter_hue_rotate=\u00bb208deg\u00bb child_filter_brightness=\u00bb35%\u00bb animation=\u00bboff\u00bb link_option_url=\u00bb#lloguer-bicis\u00bb custom_css_blurb_image=\u00bb    margin: 0;||    position: absolute;||    right: 14px;||    top: 50%;||    transform: translate(0px, -50%);||    width: 24px;\u00bb custom_css_blurb_title=\u00bbfont-weight: 600 !important;||padding-bottom: 0 !important;\u00bb custom_css_blurb_content=\u00bbposition: static !important;\u00bb border_width_all=\u00bb1px\u00bb border_color_all=\u00bb#ebebeb\u00bb locked=\u00bboff\u00bb global_colors_info=\u00bb{}\u00bb header_text_color__hover_enabled=\u00bbon|hover\u00bb header_text_color__hover=\u00bb#dec79b\u00bb child_filter_brightness__hover_enabled=\u00bbon|hover\u00bb child_filter_brightness__hover=\u00bb100%\u00bb child_filter_hue_rotate__hover_enabled=\u00bbon|hover\u00bb child_filter_hue_rotate__hover=\u00bb0deg\u00bb][\/et_pb_blurb][\/et_pb_column][\/et_pb_row][\/et_pb_section][et_pb_section fb_built=\u00bb1&#8243; custom_padding_last_edited=\u00bbon|desktop\u00bb admin_label=\u00bbTarifes lloguer embarcacions vela lleugera\u00bb module_id=\u00bbalquiler-vela\u00bb _builder_version=\u00bb4.16&#8243; custom_padding=\u00bb0px||4px||false|false\u00bb custom_padding_tablet=\u00bb50px||||false|false\u00bb custom_padding_phone=\u00bb40px||||false|false\u00bb locked=\u00bboff\u00bb collapsed=\u00bboff\u00bb global_colors_info=\u00bb{}\u00bb][et_pb_row column_structure=\u00bb3_5,2_5&#8243; use_custom_gutter=\u00bbon\u00bb gutter_width=\u00bb2&#8243; admin_label=\u00bbContenido &#8211; &#8211; Fila\u00bb _builder_version=\u00bb4.16&#8243; width=\u00bb90%\u00bb custom_padding=\u00bb0px|||||\u00bb global_colors_info=\u00bb{}\u00bb][et_pb_column type=\u00bb3_5&#8243; _builder_version=\u00bb4.16&#8243; custom_padding=\u00bb6.6%||||false|false\u00bb custom_css_main_element=\u00bb    width: 55% !important;||    margin-right: 4% !important;\u00bb global_colors_info=\u00bb{}\u00bb][et_pb_cta title=\u00bbAlquiler de veleros\u00bb admin_label=\u00bb- Call To Action\u00bb _builder_version=\u00bb4.16&#8243; header_font=\u00bb||||||||\u00bb header_text_color=\u00bb#1e1e26&#8243; header_font_size=\u00bb44px\u00bb header_line_height=\u00bb114%\u00bb body_font=\u00bb||||||||\u00bb body_text_color=\u00bb#9b9b9b\u00bb body_font_size=\u00bb16px\u00bb body_line_height=\u00bb163%\u00bb use_background_color=\u00bboff\u00bb custom_button=\u00bbon\u00bb button_text_size=\u00bb17px\u00bb button_text_color=\u00bb#909090&#8243; button_border_width=\u00bb0px\u00bb button_border_radius=\u00bb0px\u00bb button_icon=\u00bb&#x24;||divi||400&#8243; button_icon_color=\u00bb#909090&#8243; button_alignment=\u00bbleft\u00bb button_custom_margin=\u00bb||||false|false\u00bb text_orientation=\u00bbleft\u00bb custom_padding=\u00bb|||113px|false|false\u00bb custom_padding_tablet=\u00bb|||60px|false|false\u00bb custom_padding_phone=\u00bb\u00bb custom_padding_last_edited=\u00bbon|tablet\u00bb link_option_url=\u00bb#reserva-lloguer\u00bb header_font_size_tablet=\u00bb30px\u00bb header_font_size_phone=\u00bb24px\u00bb header_font_size_last_edited=\u00bbon|phone\u00bb custom_css_before=\u00bb    content: %22%22;||    font-size: 16px!important;||    color: #1e1e26!important;||    line-height: 120%!important;||    font-weight: 400;||    margin-bottom: 0!important;||    display: block;||    position: absolute;||    left: 0;||    top: 7px;\u00bb custom_css_main_element=\u00bbposition: relative;\u00bb custom_css_after=\u00bb    background: #1e1e26;||    content: \u00bb;||    position: absolute;||    height: 1px;||    display: inline-block;||    top: 15px;||    left: 23px;||    width: 67px;||    visibility: visible;\u00bb custom_css_promo_description=\u00bbfont-weight: 400 !important;\u00bb custom_css_promo_title=\u00bbfont-weight: 600 !important;||    padding-bottom: 23px;\u00bb global_colors_info=\u00bb{}\u00bb]<\/p>\n<p>Si no tienes tu propio barco, puedes alquilar uno de los veleros ligeros que el club tiene a tu disposici\u00f3n, como Pico, Quest, Weekend o Raquero.<\/p>\n<p>En caso de inter\u00e9s para el alquiler de cualquier embarcaci\u00f3n del tipo crucero, por favor p\u00f3ngase en contacto con nuestras oficinas.<\/p>\n<p>[\/et_pb_cta][et_pb_accordion _builder_version=\u00bb4.20.2&#8243; _module_preset=\u00bbdefault\u00bb global_colors_info=\u00bb{}\u00bb][et_pb_accordion_item title=\u00bbFusion\u00bb open=\u00bbon\u00bb _builder_version=\u00bb4.20.2&#8243; _module_preset=\u00bbdefault\u00bb global_colors_info=\u00bb{}\u00bb toggle_level=\u00bbh3&#8243; toggle_font_size=\u00bb16px\u00bb]<\/p>\n<table style=\"border-collapse: collapse; width: 100%;\" border=\"1\">\n<tbody>\n<tr>\n<td style=\"width: 50%;\">1 hora<\/td>\n<td style=\"width: 50%;\">26\u20ac<\/td>\n<\/tr>\n<tr>\n<td style=\"width: 50%;\">Abono (10 horas)<\/td>\n<td style=\"width: 50%;\">245\u20ac<\/td>\n<\/tr>\n<\/tbody>\n<\/table>\n<p>[\/et_pb_accordion_item][et_pb_accordion_item title=\u00bbQuest\u00bb _builder_version=\u00bb4.20.2&#8243; _module_preset=\u00bbdefault\u00bb global_colors_info=\u00bb{}\u00bb toggle_level=\u00bbh3&#8243; toggle_font_size=\u00bb16px\u00bb open=\u00bboff\u00bb]<\/p>\n<table style=\"border-collapse: collapse; width: 100%;\" border=\"1\">\n<tbody>\n<tr>\n<td style=\"width: 50%;\">1 hora<\/td>\n<td style=\"width: 50%;\">45\u20ac<\/td>\n<\/tr>\n<tr>\n<td style=\"width: 50%;\">Abono (10 horas)<\/td>\n<td style=\"width: 50%;\">315\u20ac<\/td>\n<\/tr>\n<\/tbody>\n<\/table>\n<p>[\/et_pb_accordion_item][et_pb_accordion_item title=\u00bbRaquero\u00bb _builder_version=\u00bb4.20.2&#8243; _module_preset=\u00bbdefault\u00bb global_colors_info=\u00bb{}\u00bb toggle_level=\u00bbh3&#8243; toggle_font_size=\u00bb16px\u00bb open=\u00bboff\u00bb]<\/p>\n<table style=\"border-collapse: collapse; width: 100%;\" border=\"1\">\n<tbody>\n<tr>\n<td style=\"width: 50%;\">1 hora<\/td>\n<td style=\"width: 50%;\">40\u20ac<\/td>\n<\/tr>\n<tr>\n<td style=\"width: 50%;\">Abono (10 horas)<\/td>\n<td style=\"width: 50%;\">280\u20ac<\/td>\n<\/tr>\n<\/tbody>\n<\/table>\n<p>[\/et_pb_accordion_item][et_pb_accordion_item title=\u00bbFianza\u00bb _builder_version=\u00bb4.20.2&#8243; _module_preset=\u00bbdefault\u00bb global_colors_info=\u00bb{}\u00bb toggle_level=\u00bbh3&#8243; toggle_font_size=\u00bb16px\u00bb open=\u00bboff\u00bb]<\/p>\n<p>50\u20ac (por unidad)<\/p>\n<p>[\/et_pb_accordion_item][\/et_pb_accordion][\/et_pb_column][et_pb_column type=\u00bb2_5&#8243; _builder_version=\u00bb4.16&#8243; custom_padding_tablet=\u00bb||||false|false\u00bb custom_padding_phone=\u00bb|||60px|false|false\u00bb custom_padding_last_edited=\u00bbon|phone\u00bb custom_css_main_element=\u00bbwidth: 41% !important;\u00bb global_colors_info=\u00bb{}\u00bb][et_pb_image src=\u00bbhttps:\/\/cnsfg.cat\/wp-content\/uploads\/2021\/03\/202007_CNSFG_EscVela_0218-1920px-1.jpg\u00bb title_text=\u00bb202007_CNSFG_EscVela_0218-1920px\u00bb align=\u00bbright\u00bb align_tablet=\u00bbcenter\u00bb align_phone=\u00bbcenter\u00bb align_last_edited=\u00bbon|desktop\u00bb admin_label=\u00bb &#8211; Image &#8211; 480x608px\u00bb _builder_version=\u00bb4.27.4&#8243; global_colors_info=\u00bb{}\u00bb][\/et_pb_image][et_pb_text _builder_version=\u00bb4.20.2&#8243; _module_preset=\u00bbdefault\u00bb global_colors_info=\u00bb{}\u00bb]<\/p>\n<p>Estas tarifas son v\u00e1lidas a fecha 01\/01\/2023. Pueden estar sujetos a modificaciones. El dep\u00f3sito se perder\u00e1 en caso de rescate o mal uso.<\/p>\n<p>[\/et_pb_text][\/et_pb_column][\/et_pb_row][\/et_pb_section][et_pb_section fb_built=\u00bb1&#8243; custom_padding_last_edited=\u00bbon|desktop\u00bb admin_label=\u00bbLloguer de windsurf i paddle surf\u00bb module_id=\u00bbalquiler-surf\u00bb module_class=\u00bbtina_schoolin_content\u00bb _builder_version=\u00bb4.16&#8243; custom_padding=\u00bb0px||4px||false|false\u00bb custom_padding_tablet=\u00bb50px||||false|false\u00bb custom_padding_phone=\u00bb40px||||false|false\u00bb locked=\u00bboff\u00bb collapsed=\u00bboff\u00bb global_colors_info=\u00bb{}\u00bb][et_pb_row column_structure=\u00bb2_5,3_5&#8243; use_custom_gutter=\u00bbon\u00bb gutter_width=\u00bb2&#8243; admin_label=\u00bbContenido &#8211; &#8211; Fila\u00bb _builder_version=\u00bb4.16&#8243; width=\u00bb90%\u00bb global_colors_info=\u00bb{}\u00bb][et_pb_column type=\u00bb2_5&#8243; _builder_version=\u00bb4.16&#8243; custom_padding=\u00bb||||false|false\u00bb custom_padding_tablet=\u00bb||||false|false\u00bb custom_padding_phone=\u00bb|||60px|false|false\u00bb custom_padding_last_edited=\u00bbon|desktop\u00bb custom_css_main_element=\u00bbwidth: 41% !important;\u00bb global_colors_info=\u00bb{}\u00bb][et_pb_image src=\u00bbhttps:\/\/cnsfg.cat\/wp-content\/uploads\/2022\/04\/201907_CN_EscolaV_0206-1920px.jpg\u00bb title_text=\u00bbClub N\u00e0utic Sant Feliu de Gu\u00edxols | escola de vela &#8211; paddle SUP\u00bb align=\u00bbright\u00bb align_tablet=\u00bbcenter\u00bb align_phone=\u00bbcenter\u00bb align_last_edited=\u00bbon|desktop\u00bb admin_label=\u00bb &#8211; Image &#8211; 480x608px\u00bb _builder_version=\u00bb4.27.4&#8243; global_colors_info=\u00bb{}\u00bb][\/et_pb_image][et_pb_text _builder_version=\u00bb4.27.4&#8243; _module_preset=\u00bbdefault\u00bb global_colors_info=\u00bb{}\u00bb]<\/p>\n<p>Estas tarifas son v\u00e1lidas a fecha 01\/01\/2025. Pueden estar sujetos a modificaciones. El dep\u00f3sito se perder\u00e1 en caso de rescate o mal uso.<\/p>\n<p>[\/et_pb_text][\/et_pb_column][et_pb_column type=\u00bb3_5&#8243; _builder_version=\u00bb4.16&#8243; custom_padding=\u00bb5%||||false|false\u00bb custom_css_main_element=\u00bb    width: 55% !important;||    margin-right: 4% !important;\u00bb global_colors_info=\u00bb{}\u00bb][et_pb_cta title=\u00bbAlquiler de paddle SUP\u00bb admin_label=\u00bb- Call To Action\u00bb _builder_version=\u00bb4.16&#8243; header_font=\u00bb||||||||\u00bb header_text_color=\u00bb#1e1e26&#8243; header_font_size=\u00bb44px\u00bb header_line_height=\u00bb114%\u00bb body_font=\u00bb||||||||\u00bb body_text_color=\u00bb#9b9b9b\u00bb body_font_size=\u00bb16px\u00bb body_line_height=\u00bb163%\u00bb use_background_color=\u00bboff\u00bb custom_button=\u00bbon\u00bb button_text_size=\u00bb17px\u00bb button_text_color=\u00bb#909090&#8243; button_border_width=\u00bb0px\u00bb button_border_radius=\u00bb0px\u00bb button_icon=\u00bb&#x24;||divi||400&#8243; button_icon_color=\u00bb#909090&#8243; button_alignment=\u00bbleft\u00bb button_custom_margin=\u00bb||||false|false\u00bb text_orientation=\u00bbleft\u00bb custom_margin=\u00bb50px||||false|false\u00bb custom_padding=\u00bb|||113px|false|false\u00bb custom_padding_tablet=\u00bb|||60px|false|false\u00bb custom_padding_phone=\u00bb\u00bb custom_padding_last_edited=\u00bbon|tablet\u00bb link_option_url=\u00bb#reserva-lloguer\u00bb header_font_size_tablet=\u00bb30px\u00bb header_font_size_phone=\u00bb24px\u00bb header_font_size_last_edited=\u00bbon|phone\u00bb custom_css_before=\u00bb    content: %22%22;||    font-size: 16px!important;||    color: #1e1e26!important;||    line-height: 120%!important;||    font-weight: 400;||    margin-bottom: 0!important;||    display: block;||    position: absolute;||    left: 0;||    top: 7px;\u00bb custom_css_main_element=\u00bbposition: relative;\u00bb custom_css_after=\u00bb    background: #1e1e26;||    content: \u00bb;||    position: absolute;||    height: 1px;||    display: inline-block;||    top: 15px;||    left: 23px;||    width: 67px;||    visibility: visible;\u00bb custom_css_promo_description=\u00bbfont-weight: 400 !important;\u00bb custom_css_promo_title=\u00bbfont-weight: 600 !important;||    padding-bottom: 23px;\u00bb global_colors_info=\u00bb{}\u00bb]<\/p>\n<p>En el club ofrecemos el servicio de alquiler de equipos de windsurf y de paddle SUP.<\/p>\n<p>Tanto el windsurf como el paddle SUP son deportes muy completos que se practican en el mar. Con un ejercicio que trabaja todos los m\u00fasculos del cuerpo, jugamos directamente con elementos como el mar y el viento para deslizar la plancha sobre la superficie del agua.<\/p>\n<p>[\/et_pb_cta][et_pb_accordion _builder_version=\u00bb4.27.4&#8243; _module_preset=\u00bbdefault\u00bb global_colors_info=\u00bb{}\u00bb][et_pb_accordion_item title=\u00bbPaddle SUP\u00bb open=\u00bbon\u00bb _builder_version=\u00bb4.27.4&#8243; _module_preset=\u00bbdefault\u00bb global_colors_info=\u00bb{}\u00bb toggle_level=\u00bbh3&#8243; toggle_font_size=\u00bb16px\u00bb]<\/p>\n<table style=\"border-collapse: collapse; width: 100%;\" border=\"1\">\n<tbody>\n<tr>\n<td style=\"width: 50%;\">1 hora<\/td>\n<td style=\"width: 50%;\">21\u20ac<\/td>\n<\/tr>\n<tr>\n<td style=\"width: 50%;\">1\/2 d\u00eda<\/td>\n<td style=\"width: 50%;\">32\u20ac<\/td>\n<\/tr>\n<tr>\n<td style=\"width: 50%;\">Abono (10 horas)<\/td>\n<td style=\"width: 50%;\">126\u20ac<\/td>\n<\/tr>\n<\/tbody>\n<\/table>\n<p>[\/et_pb_accordion_item][et_pb_accordion_item title=\u00bbFianza\u00bb _builder_version=\u00bb4.20.2&#8243; _module_preset=\u00bbdefault\u00bb global_colors_info=\u00bb{}\u00bb toggle_level=\u00bbh3&#8243; toggle_font_size=\u00bb16px\u00bb open=\u00bboff\u00bb]<\/p>\n<p>50\u20ac (por unidad)<\/p>\n<p>[\/et_pb_accordion_item][\/et_pb_accordion][\/et_pb_column][\/et_pb_row][\/et_pb_section][et_pb_section fb_built=\u00bb1&#8243; custom_padding_last_edited=\u00bbon|desktop\u00bb admin_label=\u00bbLloguer de caiac\u00bb module_id=\u00bbalquiler-kayak\u00bb module_class=\u00bbtina_schoolin_content\u00bb _builder_version=\u00bb4.16&#8243; custom_padding=\u00bb0px||4px||false|false\u00bb custom_padding_tablet=\u00bb50px||||false|false\u00bb custom_padding_phone=\u00bb40px||||false|false\u00bb locked=\u00bboff\u00bb collapsed=\u00bboff\u00bb global_colors_info=\u00bb{}\u00bb][et_pb_row column_structure=\u00bb3_5,2_5&#8243; use_custom_gutter=\u00bbon\u00bb gutter_width=\u00bb2&#8243; admin_label=\u00bbContenido &#8211; &#8211; Fila\u00bb _builder_version=\u00bb4.16&#8243; width=\u00bb90%\u00bb custom_padding=\u00bb0px|||||\u00bb global_colors_info=\u00bb{}\u00bb][et_pb_column type=\u00bb3_5&#8243; _builder_version=\u00bb4.16&#8243; custom_padding=\u00bb6.6%||||false|false\u00bb custom_css_main_element=\u00bb    width: 55% !important;||    margin-right: 4% !important;\u00bb global_colors_info=\u00bb{}\u00bb][et_pb_cta title=\u00bbAlquiler de kayaks\u00bb admin_label=\u00bb- Call To Action\u00bb _builder_version=\u00bb4.16&#8243; header_font=\u00bb||||||||\u00bb header_text_color=\u00bb#1e1e26&#8243; header_font_size=\u00bb44px\u00bb header_line_height=\u00bb114%\u00bb body_font=\u00bb||||||||\u00bb body_text_color=\u00bb#9b9b9b\u00bb body_font_size=\u00bb16px\u00bb body_line_height=\u00bb163%\u00bb use_background_color=\u00bboff\u00bb custom_button=\u00bbon\u00bb button_text_size=\u00bb17px\u00bb button_text_color=\u00bb#909090&#8243; button_border_width=\u00bb0px\u00bb button_border_radius=\u00bb0px\u00bb button_icon=\u00bb&#x24;||divi||400&#8243; button_icon_color=\u00bb#909090&#8243; button_alignment=\u00bbleft\u00bb button_custom_margin=\u00bb||||false|false\u00bb text_orientation=\u00bbleft\u00bb custom_padding=\u00bb|||113px|false|false\u00bb custom_padding_tablet=\u00bb|||60px|false|false\u00bb custom_padding_phone=\u00bb\u00bb custom_padding_last_edited=\u00bbon|tablet\u00bb link_option_url=\u00bb#reserva-lloguer\u00bb header_font_size_tablet=\u00bb30px\u00bb header_font_size_phone=\u00bb24px\u00bb header_font_size_last_edited=\u00bbon|phone\u00bb custom_css_before=\u00bb    content: %22%22;||    font-size: 16px!important;||    color: #1e1e26!important;||    line-height: 120%!important;||    font-weight: 400;||    margin-bottom: 0!important;||    display: block;||    position: absolute;||    left: 0;||    top: 7px;\u00bb custom_css_main_element=\u00bbposition: relative;\u00bb custom_css_after=\u00bb    background: #1e1e26;||    content: \u00bb;||    position: absolute;||    height: 1px;||    display: inline-block;||    top: 15px;||    left: 23px;||    width: 67px;||    visibility: visible;\u00bb custom_css_promo_description=\u00bbfont-weight: 400 !important;\u00bb custom_css_promo_title=\u00bbfont-weight: 600 !important;||    padding-bottom: 23px;\u00bb global_colors_info=\u00bb{}\u00bb]<\/p>\n<p>\u00bfQuieres explorar las calas y acantilados de la Costa Brava desde el mar, a tu propio ritmo?<\/p>\n<p>Ofrecemos alquiler de kayak individual y kayak doble, para investigar de cerca y a tu ritmo la riqueza de la Costa Brava!<\/p>\n<p>Hay opci\u00f3n de salida con un monitor, contacte con la escuela para solicitar disponibilidad.<\/p>\n<p>[\/et_pb_cta][et_pb_accordion _builder_version=\u00bb4.27.4&#8243; _module_preset=\u00bbdefault\u00bb global_colors_info=\u00bb{}\u00bb][et_pb_accordion_item title=\u00bbKayak individual\u00bb open=\u00bbon\u00bb _builder_version=\u00bb4.16&#8243; _module_preset=\u00bbdefault\u00bb global_colors_info=\u00bb{}\u00bb toggle_level=\u00bbh3&#8243; toggle_font_size=\u00bb16px\u00bb]<\/p>\n<table style=\"border-collapse: collapse; width: 100%;\" border=\"1\">\n<tbody>\n<tr>\n<td style=\"width: 50%;\">1 hora<\/td>\n<td style=\"width: 50%;\">10\u20ac<\/td>\n<\/tr>\n<tr>\n<td style=\"width: 50%;\">Hora adicional<\/td>\n<td style=\"width: 50%;\">8\u20ac<\/td>\n<\/tr>\n<tr>\n<td style=\"width: 50%;\">1 d\u00eda (8 horas)<\/td>\n<td style=\"width: 50%;\">47\u20ac<\/td>\n<\/tr>\n<tr>\n<td style=\"width: 50%;\">Abono (10 horas)<\/td>\n<td style=\"width: 50%;\">89\u20ac<\/td>\n<\/tr>\n<\/tbody>\n<\/table>\n<p>[\/et_pb_accordion_item][et_pb_accordion_item title=\u00bbKayak doble\u00bb _builder_version=\u00bb4.27.4&#8243; _module_preset=\u00bbdefault\u00bb global_colors_info=\u00bb{}\u00bb toggle_level=\u00bbh3&#8243; toggle_font_size=\u00bb16px\u00bb open=\u00bboff\u00bb]<\/p>\n<table style=\"border-collapse: collapse; width: 100%;\" border=\"1\">\n<tbody>\n<tr>\n<td style=\"width: 50%;\">1 hora<\/td>\n<td style=\"width: 50%;\">16\u20ac<\/td>\n<\/tr>\n<tr>\n<td style=\"width: 50%;\">Hora adicional<\/td>\n<td style=\"width: 50%;\">10\u20ac<\/td>\n<\/tr>\n<tr>\n<td style=\"width: 50%;\">1 d\u00eda (8 horas)<\/td>\n<td style=\"width: 50%;\">63\u20ac<\/td>\n<\/tr>\n<tr>\n<td style=\"width: 50%;\">Abono (10 horas)<\/td>\n<td style=\"width: 50%;\">126\u20ac<\/td>\n<\/tr>\n<\/tbody>\n<\/table>\n<p>[\/et_pb_accordion_item][et_pb_accordion_item title=\u00bbFianza\u00bb _builder_version=\u00bb4.16&#8243; _module_preset=\u00bbdefault\u00bb global_colors_info=\u00bb{}\u00bb toggle_level=\u00bbh3&#8243; toggle_font_size=\u00bb16px\u00bb open=\u00bboff\u00bb]<\/p>\n<p>50\u20ac (por unidad)<\/p>\n<p>[\/et_pb_accordion_item][\/et_pb_accordion][\/et_pb_column][et_pb_column type=\u00bb2_5&#8243; _builder_version=\u00bb4.16&#8243; custom_padding_tablet=\u00bb||||false|false\u00bb custom_padding_phone=\u00bb|||60px|false|false\u00bb custom_padding_last_edited=\u00bbon|phone\u00bb custom_css_main_element=\u00bbwidth: 41% !important;\u00bb global_colors_info=\u00bb{}\u00bb][et_pb_image src=\u00bbhttps:\/\/cnsfg.cat\/wp-content\/uploads\/2022\/04\/201907_CN_EscolaV_0060-1920px.jpg\u00bb title_text=\u00bbClub N\u00e0utic Sant Feliu de Gu\u00edxols | escuela de vela &#8211; alquiler caiac\u00bb align=\u00bbright\u00bb align_tablet=\u00bbcenter\u00bb align_phone=\u00bbcenter\u00bb align_last_edited=\u00bbon|desktop\u00bb admin_label=\u00bb &#8211; Image &#8211; 480x608px\u00bb _builder_version=\u00bb4.27.4&#8243; global_colors_info=\u00bb{}\u00bb][\/et_pb_image][et_pb_text _builder_version=\u00bb4.27.4&#8243; _module_preset=\u00bbdefault\u00bb global_colors_info=\u00bb{}\u00bb]<\/p>\n<p>Estas tarifas son v\u00e1lidas a fecha 01\/01\/2025. Pueden estar sujetos a modificaciones. El dep\u00f3sito se perder\u00e1 en caso de rescate o mal uso.<\/p>\n<p>[\/et_pb_text][\/et_pb_column][\/et_pb_row][\/et_pb_section][et_pb_section fb_built=\u00bb1&#8243; custom_padding_last_edited=\u00bbon|desktop\u00bb admin_label=\u00bbLloguer de bicicletes\u00bb module_id=\u00bbalquiler-bicicletas\u00bb module_class=\u00bbtina_schoolin_content\u00bb _builder_version=\u00bb4.16&#8243; custom_padding=\u00bb0px||4px||false|false\u00bb custom_padding_tablet=\u00bb50px||||false|false\u00bb custom_padding_phone=\u00bb40px||||false|false\u00bb locked=\u00bboff\u00bb collapsed=\u00bboff\u00bb global_colors_info=\u00bb{}\u00bb][et_pb_row column_structure=\u00bb2_5,3_5&#8243; use_custom_gutter=\u00bbon\u00bb gutter_width=\u00bb2&#8243; admin_label=\u00bbContenido &#8211; &#8211; Fila\u00bb _builder_version=\u00bb4.16&#8243; width=\u00bb90%\u00bb global_colors_info=\u00bb{}\u00bb][et_pb_column type=\u00bb2_5&#8243; _builder_version=\u00bb4.16&#8243; custom_padding=\u00bb||||false|false\u00bb custom_padding_tablet=\u00bb||||false|false\u00bb custom_padding_phone=\u00bb|||60px|false|false\u00bb custom_padding_last_edited=\u00bboff|desktop\u00bb custom_css_main_element=\u00bbwidth: 41% !important;\u00bb global_colors_info=\u00bb{}\u00bb][et_pb_image src=\u00bbhttps:\/\/cnsfg.cat\/wp-content\/uploads\/2021\/08\/lloguer-bicis.jpg\u00bb title_text=\u00bbalquiler-bicicletas\u00bb align=\u00bbright\u00bb align_tablet=\u00bbcenter\u00bb align_phone=\u00bbcenter\u00bb align_last_edited=\u00bbon|desktop\u00bb admin_label=\u00bb &#8211; Image &#8211; 480x608px\u00bb _builder_version=\u00bb4.27.4&#8243; global_colors_info=\u00bb{}\u00bb][\/et_pb_image][et_pb_text _builder_version=\u00bb4.27.4&#8243; _module_preset=\u00bbdefault\u00bb global_colors_info=\u00bb{}\u00bb]<\/p>\n<p>Estas tarifas son v\u00e1lidas a fecha 01\/01\/2025. Pueden estar sujetos a modificaciones. El dep\u00f3sito se perder\u00e1 en caso de rescate o mal uso.<\/p>\n<p>[\/et_pb_text][\/et_pb_column][et_pb_column type=\u00bb3_5&#8243; _builder_version=\u00bb4.16&#8243; custom_padding=\u00bb5%||||false|false\u00bb custom_padding_last_edited=\u00bboff|desktop\u00bb custom_css_main_element=\u00bb    width: 55% !important;||    margin-right: 4% !important;\u00bb global_colors_info=\u00bb{}\u00bb][et_pb_cta title=\u00bbAlquiler de bicicletas\u00bb admin_label=\u00bb- Call To Action\u00bb _builder_version=\u00bb4.16&#8243; header_font=\u00bb||||||||\u00bb header_text_color=\u00bb#1e1e26&#8243; header_font_size=\u00bb44px\u00bb header_line_height=\u00bb114%\u00bb body_font=\u00bb||||||||\u00bb body_text_color=\u00bb#9b9b9b\u00bb body_font_size=\u00bb16px\u00bb body_line_height=\u00bb163%\u00bb use_background_color=\u00bboff\u00bb custom_button=\u00bbon\u00bb button_text_size=\u00bb17px\u00bb button_text_color=\u00bb#909090&#8243; button_border_width=\u00bb0px\u00bb button_border_radius=\u00bb0px\u00bb button_icon=\u00bb&#x24;||divi||400&#8243; button_icon_color=\u00bb#909090&#8243; button_alignment=\u00bbleft\u00bb button_custom_margin=\u00bb||||false|false\u00bb text_orientation=\u00bbleft\u00bb custom_padding=\u00bb|||113px|false|false\u00bb custom_padding_tablet=\u00bb|||60px|false|false\u00bb custom_padding_phone=\u00bb\u00bb custom_padding_last_edited=\u00bbon|tablet\u00bb link_option_url=\u00bb#reserva-lloguer\u00bb header_font_size_tablet=\u00bb30px\u00bb header_font_size_phone=\u00bb24px\u00bb header_font_size_last_edited=\u00bbon|phone\u00bb custom_css_before=\u00bb    content: %22%22;||    font-size: 16px!important;||    color: #1e1e26!important;||    line-height: 120%!important;||    font-weight: 400;||    margin-bottom: 0!important;||    display: block;||    position: absolute;||    left: 0;||    top: 7px;\u00bb custom_css_main_element=\u00bbposition: relative;\u00bb custom_css_after=\u00bb    background: #1e1e26;||    content: \u00bb;||    position: absolute;||    height: 1px;||    display: inline-block;||    top: 15px;||    left: 23px;||    width: 67px;||    visibility: visible;\u00bb custom_css_promo_description=\u00bbfont-weight: 400 !important;\u00bb custom_css_promo_title=\u00bbfont-weight: 600 !important;||    padding-bottom: 23px;\u00bb global_colors_info=\u00bb{}\u00bb]<\/p>\n<p>Con el fin de vivir experiencias irrepetibles en las inmediaciones del Club N\u00e1utico Sant Feliu de Gu\u00edxols, ofrecemos un servicio de alquiler de bicicletas y accesorios para practicar el ciclismo de forma c\u00f3moda y segura. Disponemos de material de varios tama\u00f1os para toda la familia que se puede alquilar por hora en las oficinas del club.<\/p>\n<p>Encontrar\u00e1s informaci\u00f3n sobre rutas <a href=\"https:\/\/cnsfg.cat\/activitats\/entorn\/#rutes-bici\">aqu\u00ed<\/a>.<\/p>\n<p>[\/et_pb_cta][et_pb_accordion _builder_version=\u00bb4.20.2&#8243; _module_preset=\u00bbdefault\u00bb toggle_level=\u00bbh3&#8243; toggle_font_size=\u00bb16px\u00bb global_colors_info=\u00bb{}\u00bb][et_pb_accordion_item title=\u00bbBTT\u00bb open=\u00bbon\u00bb _builder_version=\u00bb4.20.2&#8243; _module_preset=\u00bbdefault\u00bb global_colors_info=\u00bb{}\u00bb toggle_level=\u00bbh3&#8243; toggle_font_size=\u00bb16px\u00bb]<\/p>\n<table style=\"border-collapse: collapse; width: 100%;\" border=\"1\">\n<tbody>\n<tr>\n<td style=\"width: 50%;\">1 hora (adulto\/infantil)<\/td>\n<td style=\"width: 50%;\">10\u20ac<\/td>\n<\/tr>\n<tr>\n<td style=\"width: 50%;\">1 d\u00eda (adulto)<\/td>\n<td style=\"width: 50%;\">20\u20ac<\/td>\n<\/tr>\n<tr>\n<td style=\"width: 50%;\">1 d\u00eda (infantil)<\/td>\n<td style=\"width: 50%;\">17\u20ac<\/td>\n<\/tr>\n<tr>\n<td style=\"width: 50%;\">1\/2 d\u00eda (adulto)<\/td>\n<td style=\"width: 50%;\">15\u20ac<\/td>\n<\/tr>\n<tr>\n<td style=\"width: 50%;\">1\/2 d\u00eda (infantil)<\/td>\n<td style=\"width: 50%;\">12\u20ac<\/td>\n<\/tr>\n<tr>\n<td style=\"width: 50%;\">2 d\u00edas (adulto)<\/td>\n<td style=\"width: 50%;\">34\u20ac<\/td>\n<\/tr>\n<tr>\n<td style=\"width: 50%;\">2 d\u00edas (infantil)<\/td>\n<td style=\"width: 50%;\">30\u20ac<\/td>\n<\/tr>\n<tr>\n<td style=\"width: 50%;\">d\u00eda adicional (adulto)<\/td>\n<td style=\"width: 50%;\">16\u20ac<\/td>\n<\/tr>\n<tr>\n<td style=\"width: 50%;\">d\u00eda adicional (infantil)<\/td>\n<td style=\"width: 50%;\">14\u20ac<\/td>\n<\/tr>\n<\/tbody>\n<\/table>\n<p>[\/et_pb_accordion_item][et_pb_accordion_item title=\u00bbSilla\u00bb _builder_version=\u00bb4.16&#8243; _module_preset=\u00bbdefault\u00bb global_colors_info=\u00bb{}\u00bb toggle_level=\u00bbh3&#8243; toggle_font_size=\u00bb16px\u00bb open=\u00bboff\u00bb]<\/p>\n<p>3\u20ac<\/p>\n<p>[\/et_pb_accordion_item][et_pb_accordion_item title=\u00bbFianza\u00bb _builder_version=\u00bb4.20.2&#8243; _module_preset=\u00bbdefault\u00bb global_colors_info=\u00bb{}\u00bb toggle_level=\u00bbh3&#8243; toggle_font_size=\u00bb16px\u00bb open=\u00bboff\u00bb]<\/p>\n<p>50\u20ac (por unidad)<\/p>\n<p>[\/et_pb_accordion_item][\/et_pb_accordion][\/et_pb_column][\/et_pb_row][\/et_pb_section][et_pb_section fb_built=\u00bb1&#8243; custom_padding_last_edited=\u00bbon|desktop\u00bb admin_label=\u00bbLloguer i sortides d\u2019embarcacions grans a vela o motor\u00bb module_id=\u00bbalquiler-grande\u00bb module_class=\u00bbtina_schoolin_content\u00bb _builder_version=\u00bb4.16&#8243; custom_padding=\u00bb0px||4px||false|false\u00bb custom_padding_tablet=\u00bb50px||||false|false\u00bb custom_padding_phone=\u00bb40px||||false|false\u00bb locked=\u00bboff\u00bb collapsed=\u00bboff\u00bb global_colors_info=\u00bb{}\u00bb][et_pb_row column_structure=\u00bb3_5,2_5&#8243; use_custom_gutter=\u00bbon\u00bb gutter_width=\u00bb2&#8243; admin_label=\u00bbContenido &#8211; &#8211; Fila\u00bb _builder_version=\u00bb4.16&#8243; width=\u00bb90%\u00bb custom_padding=\u00bb0px|||||\u00bb global_colors_info=\u00bb{}\u00bb][et_pb_column type=\u00bb3_5&#8243; _builder_version=\u00bb4.16&#8243; custom_padding=\u00bb6.6%||||false|false\u00bb custom_css_main_element=\u00bb    width: 55% !important;||    margin-right: 4% !important;\u00bb global_colors_info=\u00bb{}\u00bb][et_pb_cta title=\u00bbAlquiler y salidas de grandes embarcaciones de vela o a motor \u00bb admin_label=\u00bb- Call To Action\u00bb _builder_version=\u00bb4.16&#8243; header_font=\u00bb||||||||\u00bb header_text_color=\u00bb#1e1e26&#8243; header_font_size=\u00bb44px\u00bb header_line_height=\u00bb114%\u00bb body_font=\u00bb||||||||\u00bb body_text_color=\u00bb#9b9b9b\u00bb body_font_size=\u00bb16px\u00bb body_line_height=\u00bb163%\u00bb use_background_color=\u00bboff\u00bb custom_button=\u00bbon\u00bb button_text_size=\u00bb17px\u00bb button_text_color=\u00bb#909090&#8243; button_border_width=\u00bb0px\u00bb button_border_radius=\u00bb0px\u00bb button_icon=\u00bb&#x24;||divi||400&#8243; button_icon_color=\u00bb#909090&#8243; button_alignment=\u00bbleft\u00bb button_custom_margin=\u00bb||||false|false\u00bb text_orientation=\u00bbleft\u00bb custom_padding=\u00bb|||113px|false|false\u00bb custom_padding_tablet=\u00bb|||60px|false|false\u00bb custom_padding_phone=\u00bb\u00bb custom_padding_last_edited=\u00bbon|tablet\u00bb header_font_size_tablet=\u00bb30px\u00bb header_font_size_phone=\u00bb24px\u00bb header_font_size_last_edited=\u00bbon|phone\u00bb custom_css_before=\u00bb    content: %22%22;||    font-size: 16px!important;||    color: #1e1e26!important;||    line-height: 120%!important;||    font-weight: 400;||    margin-bottom: 0!important;||    display: block;||    position: absolute;||    left: 0;||    top: 7px;\u00bb custom_css_main_element=\u00bbposition: relative;\u00bb custom_css_after=\u00bb    background: #1e1e26;||    content: \u00bb;||    position: absolute;||    height: 1px;||    display: inline-block;||    top: 15px;||    left: 23px;||    width: 67px;||    visibility: visible;\u00bb custom_css_promo_description=\u00bbfont-weight: 400 !important;\u00bb custom_css_promo_title=\u00bbfont-weight: 600 !important;||    padding-bottom: 23px;\u00bb global_colors_info=\u00bb{}\u00bb]<\/p>\n<p>Las siguientes empresas ofrecen servicios de alquiler o excursiones en grandes embarcaciones de vela o a motor:<\/p>\n<p style=\"text-align: left;\">Alquiler de yates en la Costa Brava:<\/p>\n<p style=\"text-align: left;\"><a href=\"https:\/\/www.renteolo.com\/\"><img loading=\"lazy\" decoding=\"async\" src=\"https:\/\/cnsfg.cat\/wp-content\/uploads\/2021\/08\/logo_renteolo-300x84.jpg\" width=\"300\" height=\"84\" alt=\"\" class=\"wp-image-347953 alignleft size-medium\" srcset=\"https:\/\/cnsfg.cat\/wp-content\/uploads\/2021\/08\/logo_renteolo-300x84.jpg 300w, https:\/\/cnsfg.cat\/wp-content\/uploads\/2021\/08\/logo_renteolo.jpg 425w\" sizes=\"(max-width: 300px) 100vw, 300px\" \/><\/a><\/p>\n<p>&nbsp;<\/p>\n<p>&nbsp;<\/p>\n<p>Salidas en velero desde Sant Feliu de Gu\u00edxols:<\/p>\n<p><a href=\"https:\/\/costamagica.net\/inicio\/\" target=\"_blank\" rel=\"noopener\"><img loading=\"lazy\" decoding=\"async\" src=\"https:\/\/cnsfg.cat\/wp-content\/uploads\/2021\/08\/logo_color-300x44.png\" width=\"300\" height=\"44\" alt=\"\" class=\"wp-image-347958 alignleft size-medium\"><\/a><\/p>\n<p>[\/et_pb_cta][\/et_pb_column][et_pb_column type=\u00bb2_5&#8243; _builder_version=\u00bb4.16&#8243; custom_padding_tablet=\u00bb||||false|false\u00bb custom_padding_phone=\u00bb|||60px|false|false\u00bb custom_padding_last_edited=\u00bbon|phone\u00bb custom_css_main_element=\u00bbwidth: 41% !important;\u00bb global_colors_info=\u00bb{}\u00bb][et_pb_image src=\u00bbhttps:\/\/cnsfg.cat\/wp-content\/uploads\/2021\/08\/galeria17.jpg\u00bb title_text=\u00bbgaler\u00eda17&#8243; align=\u00bbright\u00bb align_tablet=\u00bbcenter\u00bb align_phone=\u00bbcenter\u00bb align_last_edited=\u00bbon|desktop\u00bb admin_label=\u00bb &#8211; Image &#8211; 480x608px\u00bb _builder_version=\u00bb4.16&#8243; global_colors_info=\u00bb{}\u00bb][\/et_pb_image][\/et_pb_column][\/et_pb_row][\/et_pb_section][et_pb_section fb_built=\u00bb1&#8243; custom_padding_last_edited=\u00bbon|tablet\u00bb admin_label=\u00bbCause Content &#8211; Tina\u00bb _builder_version=\u00bb4.9.10&#8243; _module_preset=\u00bbdefault\u00bb background_color=\u00bbrgba(0,0,0,0.06)\u00bb custom_padding=\u00bb63px||63px||true|false\u00bb custom_padding_tablet=\u00bb40px||||false|false\u00bb custom_padding_phone=\u00bb\u00bb custom_css_main_element=\u00bbpadding-bottom: 125px !important;\u00bb global_module=\u00bb351652&#8243; saved_tabs=\u00bball\u00bb locked=\u00bboff\u00bb global_colors_info=\u00bb{}\u00bb][et_pb_row column_structure=\u00bb1_2,1_2&#8243; admin_label=\u00bbContenido de la causa &#8211; Tina &#8211; Fila\u00bb _builder_version=\u00bb4.16&#8243; _module_preset=\u00bbdefault\u00bb width=\u00bb90%\u00bb global_colors_info=\u00bb{}\u00bb][et_pb_column type=\u00bb1_2&#8243; _builder_version=\u00bb4.16&#8243; _module_preset=\u00bbdefault\u00bb custom_padding=\u00bb19px||||false|false\u00bb custom_padding_tablet=\u00bb0px||||false|false\u00bb custom_padding_phone=\u00bb\u00bb custom_padding_last_edited=\u00bbon|tablet\u00bb custom_css_main_element=\u00bbwidth: 47.4% !important;|| margin-right: 6.9% !important;\u00bb global_colors_info=\u00bb{}\u00bb][et_pb_cta title=\u00bbTarifas: \u00bb admin_label=\u00bbCause Content &#8211; Tina &#8211; Call To Action\u00bb _builder_version=\u00bb4.24.3&#8243; _module_preset=\u00bbdefault\u00bb header_font=\u00bb|600|||||||\u00bb header_text_color=\u00bb#1e1e26&#8243; header_font_size=\u00bb38px\u00bb header_line_height=\u00bb153%\u00bb body_font=\u00bb||||||||\u00bb body_text_color=\u00bb#2e3f4b\u00bb body_font_size=\u00bb15.7px\u00bb body_line_height=\u00bb160%\u00bb use_background_color=\u00bboff\u00bb positioning=\u00bbrelative\u00bb text_orientation=\u00bbleft\u00bb custom_margin=\u00bb||49px||false|false\u00bb custom_margin_tablet=\u00bb||20px||false|false\u00bb custom_margin_phone=\u00bb\u00bb custom_margin_last_edited=\u00bbon|tablet\u00bb custom_padding=\u00bb|||45px|false|false\u00bb custom_padding_tablet=\u00bb|||30px|false|false\u00bb custom_padding_phone=\u00bb\u00bb custom_padding_last_edited=\u00bbon|tablet\u00bb header_font_size_tablet=\u00bb24px\u00bb header_font_size_phone=\u00bb22px\u00bb header_font_size_last_edited=\u00bbon|phone\u00bb custom_css_before=\u00bbcontent: &#8216;$&#8217;;|| display: block;|| font-family: &#8216;ETmodules&#8217;;|| color: #000000;|| position: absolute;||left: -10px;|| top: 11px;|| font-size: 40px;\u00bb custom_css_promo_description=\u00bbfont-weight: 400;\u00bb custom_css_promo_title=\u00bbfont-weight: 400;|| padding-bottom: 24px;\u00bb global_colors_info=\u00bb{}\u00bb]<\/p>\n<p>Para conocer las tarifas de nuestros cursos y pases de vela, kayak o surf, pincha en la imagen.<\/p>\n<p><span>Tarifas 2025. Pueden estar sujetos a modificaciones. El dep\u00f3sito se perder\u00e1 en caso de rescate o mal uso.<\/span><\/p>\n<p>[\/et_pb_cta][dipl_button admin_label=\u00bbDescarrega tarifa\u00bb _builder_version=\u00bb4.27.4&#8243; _module_preset=\u00bbdefault\u00bb global_colors_info=\u00bb{}\u00bb][dipl_button_item button_text=\u00bbDescarrega tarifa\u00bb button_url=\u00bbhttps:\/\/cnsfg.cat\/wp-content\/uploads\/2025\/07\/CNSFG-Diptic-activitats-lloguers-2025.pdf\u00bb url_new_window=\u00bbon\u00bb _builder_version=\u00bb4.27.4&#8243; _module_preset=\u00bbdefault\u00bb text_orientation=\u00bbcenter\u00bb global_colors_info=\u00bb{}\u00bb][\/dipl_button_item][\/dipl_button][\/et_pb_column][et_pb_column type=\u00bb1_2&#8243; _builder_version=\u00bb4.16&#8243; _module_preset=\u00bbdefault\u00bb custom_css_main_element=\u00bbwidth: 45.7% !important;\u00bb global_colors_info=\u00bb{}\u00bb][et_pb_image src=\u00bbhttps:\/\/cnsfg.cat\/wp-content\/uploads\/2025\/07\/CNSFG-Diptic-interior-activitats-lloguers-2025.png\u00bb alt=\u00bbTarifas Club N\u00e1utico Sant Feliu de Gu\u00edxols\u00bb title_text=\u00bbCNSFG Diptic interior actividades-alquileres 2025&#8243; show_in_lightbox=\u00bbon\u00bb _builder_version=\u00bb4.27.4&#8243; _module_preset=\u00bbdefault\u00bb global_colors_info=\u00bb{}\u00bb][\/et_pb_image][\/et_pb_column][\/et_pb_row][\/et_pb_section][et_pb_section fb_built=\u00bb1&#8243; _builder_version=\u00bb4.16&#8243; _module_preset=\u00bbdefault\u00bb background_enable_color=\u00bboff\u00bb custom_padding=\u00bb54px||54px|||\u00bb locked=\u00bboff\u00bb collapsed=\u00bbon\u00bb global_colors_info=\u00bb{}\u00bb][et_pb_row _builder_version=\u00bb4.16&#8243; _module_preset=\u00bbdefault\u00bb width=\u00bb70%\u00bb max_width=\u00bb70%\u00bb custom_padding=\u00bb12px|||||\u00bb global_colors_info=\u00bb{}\u00bb][et_pb_column type=\u00bb4_4&#8243; _builder_version=\u00bb4.16&#8243; _module_preset=\u00bbdefault\u00bb global_colors_info=\u00bb{}\u00bb][et_pb_cta title=\u00bbReservar alquiler: \u00bb admin_label=\u00bbCause Content &#8211; Tina &#8211; Call To Action\u00bb module_id=\u00bbreserva-lloguer\u00bb _builder_version=\u00bb4.16&#8243; _module_preset=\u00bbdefault\u00bb header_font=\u00bb|600|||||||\u00bb header_text_color=\u00bb#1e1e26&#8243; header_font_size=\u00bb38px\u00bb header_line_height=\u00bb153%\u00bb body_font=\u00bb||||||||\u00bb body_text_color=\u00bb#2e3f4b\u00bb body_font_size=\u00bb15.7px\u00bb body_line_height=\u00bb160%\u00bb use_background_color=\u00bboff\u00bb positioning=\u00bbrelative\u00bb text_orientation=\u00bbleft\u00bb custom_margin=\u00bb0px||24px||false|false\u00bb custom_margin_tablet=\u00bb||20px||false|false\u00bb custom_margin_phone=\u00bb\u00bb custom_margin_last_edited=\u00bbon|tablet\u00bb custom_padding=\u00bb|45px||0px|false|false\u00bb custom_padding_tablet=\u00bb|||30px|false|false\u00bb custom_padding_phone=\u00bb\u00bb custom_padding_last_edited=\u00bbon|tablet\u00bb header_font_size_tablet=\u00bb24px\u00bb header_font_size_phone=\u00bb22px\u00bb header_font_size_last_edited=\u00bbon|phone\u00bb custom_css_before=\u00bbcontent: &#8216;$&#8217;;|| display: block;|| font-family: &#8216;ETmodules&#8217;;|| color: #000000;|| position: absolute;||left: -50px;|| top: 11px;|| font-size: 40px;\u00bb custom_css_promo_description=\u00bbfont-weight: 400;\u00bb custom_css_promo_title=\u00bbfont-weight: 400;|| padding-bottom: 24px;\u00bb locked=\u00bboff\u00bb global_colors_info=\u00bb{}\u00bb]<\/p>\n<p>Si quieres alquilar un velero, tabla de surf o kayak, puedes ir a nuestra Escuela de Vela o solicitar disponibilidad aqu\u00ed y nos pondremos en contacto contigo en breve para informarte:<\/p>\n<p>[\/et_pb_cta][wpforms_selector form_id=\u00bb345624&#8243; show_title=\u00bboff\u00bb show_desc=\u00bboff\u00bb _builder_version=\u00bb4.9.10&#8243; _module_preset=\u00bbdefault\u00bb hover_transition_duration=\u00bb0ms\u00bb global_colors_info=\u00bb{}\u00bb][\/wpforms_selector][\/et_pb_column][\/et_pb_row][\/et_pb_section][et_pb_section fb_built=\u00bb1&#8243; custom_padding_last_edited=\u00bbon|tablet\u00bb admin_label=\u00bbbloques submenu\u00bb module_class=\u00bbtina_finest_girl_content bloque-submenu\u00bb _builder_version=\u00bb4.17.3&#8243; background_color=\u00bb#65ADD2&#8243; custom_padding=\u00bb0px||90px||false|false\u00bb custom_padding_tablet=\u00bb40px||40px||false|false\u00bb custom_padding_phone=\u00bb40px||40px||false|false\u00bb global_module=\u00bb344847&#8243; saved_tabs=\u00bball\u00bb collapsed=\u00bboff\u00bb global_colors_info=\u00bb{}\u00bb][et_pb_row column_structure=\u00bb1_4,1_4,1_4,1_4&#8243; use_custom_gutter=\u00bbon\u00bb gutter_width=\u00bb2&#8243; admin_label=\u00bbPara cambiar la l\u00ednea animada de color ir a &#8211; Avanzado &#8211; CSS personalizado &#8211; Antes\u00bb _builder_version=\u00bb4.16&#8243; width=\u00bb90%\u00bb custom_padding=\u00bb80px||||false|false\u00bb custom_css_main_element=\u00bbcounter-reset:counter;\u00bb global_colors_info=\u00bb{}\u00bb][et_pb_column type=\u00bb1_4&#8243; _builder_version=\u00bb4.16&#8243; custom_padding_tablet=\u00bb35px|25px|35px|25px|true|true\u00bb custom_padding_last_edited=\u00bboff|desktop\u00bb custom_css_main_element=\u00bb    width: 23% !important;||    margin-right: 2% !important;\u00bb border_color_all=\u00bb#e5e5e5&#8243; global_colors_info=\u00bb{}\u00bb][et_pb_blurb title=\u00bbEscuela de vela\u00bb url=\u00bb@ET-DC@eyJkeW5hbWljIjp0cnVlLCJjb250ZW50IjoicG9zdF9saW5rX3VybF9wYWdlIiwic2V0dGluZ3MiOnsicG9zdF9pZCI6IjI2NTIwNSJ9fQ==@\u00bb image=\u00bbhttps:\/\/cnsfg.cat\/wp-content\/uploads\/2021\/08\/018-velero.png\u00bb icon_alignment=\u00bbright\u00bb content_max_width=\u00bb100%\u00bb admin_label=\u00bbescola vela &#8211; image 60x92px\u00bb _builder_version=\u00bb4.27.2&#8243; _dynamic_attributes=\u00bburl,link_option_url\u00bb header_level=\u00bbh3&#8243; header_font=\u00bb|700|||||||\u00bb header_text_color=\u00bb#1e1e26&#8243; header_font_size=\u00bb30px\u00bb body_font=\u00bbMontserrat||||||||\u00bb body_text_color=\u00bb#9b9b9b\u00bb body_font_size=\u00bb16px\u00bb body_line_height=\u00bb167%\u00bb background_color=\u00bb#ffffff\u00bb custom_padding=\u00bb35px|42px|63px|48px|false|false\u00bb custom_padding_tablet=\u00bb20px|10px|20px|10px|false|false\u00bb custom_padding_phone=\u00bb\u00bb custom_padding_last_edited=\u00bbon|tablet\u00bb animation=\u00bboff\u00bb link_option_url=\u00bb@ET-DC@eyJkeW5hbWljIjp0cnVlLCJjb250ZW50IjoicG9zdF9saW5rX3VybF9wYWdlIiwic2V0dGluZ3MiOnsicG9zdF9pZCI6IjI2NTIwNSJ9fQ==@\u00bb header_font_size_tablet=\u00bb20px\u00bb header_font_size_phone=\u00bb\u00bb header_font_size_last_edited=\u00bbon|phone\u00bb custom_css_before=\u00bbbackground: #ffd620;\u00bb custom_css_main_element=\u00bbfont-weight: 400;\u00bb custom_css_blurb_image=\u00bb    margin-bottom: 18px;\u00bb custom_css_blurb_title=\u00bbposition: relative;||font-weight: 800;||padding-top: 27px;||\u00bb custom_css_blurb_content=\u00bbfont-weight: 400;||\u00bb border_width_all=\u00bb1px\u00bb border_color_all=\u00bb#e5e5e5&#8243; global_colors_info=\u00bb{}\u00bb][\/et_pb_blurb][\/et_pb_column][et_pb_column type=\u00bb1_4&#8243; _builder_version=\u00bb4.16&#8243; custom_padding_tablet=\u00bb35px|25px|35px|25px|true|true\u00bb custom_padding_last_edited=\u00bboff|desktop\u00bb custom_css_main_element=\u00bb    width: 23% !important;||    margin-right: 2% !important;\u00bb border_color_all=\u00bb#e5e5e5&#8243; global_colors_info=\u00bb{}\u00bb][et_pb_blurb title=\u00bbCursos\u00bb url=\u00bbhttps:\/\/cnsfg.cat\/es\/actividades\/escuela-de-vela\/#cursos\u00bb image=\u00bbhttps:\/\/cnsfg.cat\/wp-content\/uploads\/2021\/08\/020-ensenando.png\u00bb icon_alignment=\u00bbright\u00bb content_max_width=\u00bb100%\u00bb admin_label=\u00bbcursos image 78x92px\u00bb _builder_version=\u00bb4.18.0&#8243; header_level=\u00bbh3&#8243; header_font=\u00bb|700|||||||\u00bb header_text_color=\u00bb#1e1e26&#8243; header_font_size=\u00bb30px\u00bb body_font=\u00bbMontserrat||||||||\u00bb body_text_color=\u00bb#9b9b9b\u00bb body_font_size=\u00bb16px\u00bb body_line_height=\u00bb167%\u00bb background_color=\u00bb#ffffff\u00bb custom_padding=\u00bb35px|42px|63px|48px|false|false\u00bb custom_padding_tablet=\u00bb20px|10px|20px|10px|false|false\u00bb custom_padding_phone=\u00bb\u00bb custom_padding_last_edited=\u00bbon|tablet\u00bb animation=\u00bboff\u00bb link_option_url=\u00bbhttps:\/\/cnsfg.cat\/es\/actividades\/escuela-de-vela\/#cursos\u00bb header_font_size_tablet=\u00bb20px\u00bb header_font_size_phone=\u00bb\u00bb header_font_size_last_edited=\u00bbon|phone\u00bb custom_css_before=\u00bbbackground: #ffd620;\u00bb custom_css_main_element=\u00bbfont-weight: 400;\u00bb custom_css_blurb_image=\u00bb    margin-bottom: 18px;\u00bb custom_css_blurb_title=\u00bbposition: relative;||font-weight: 800;||padding-top: 27px;||\u00bb custom_css_blurb_content=\u00bbfont-weight: 400;||\u00bb border_width_all=\u00bb1px\u00bb border_color_all=\u00bb#e5e5e5&#8243; locked=\u00bboff\u00bb global_colors_info=\u00bb{}\u00bb][\/et_pb_blurb][\/et_pb_column][et_pb_column type=\u00bb1_4&#8243; _builder_version=\u00bb4.16&#8243; custom_padding_tablet=\u00bb35px|25px|35px|25px|true|true\u00bb custom_padding_last_edited=\u00bboff|desktop\u00bb custom_css_main_element=\u00bb    width: 23% !important;||    margin-right: 2% !important;\u00bb border_color_all=\u00bb#e5e5e5&#8243; global_colors_info=\u00bb{}\u00bb][et_pb_blurb title=\u00bbPara escuelas\u00bb url=\u00bb@ET-DC@eyJkeW5hbWljIjp0cnVlLCJjb250ZW50IjoicG9zdF9saW5rX3VybF9wYWdlIiwic2V0dGluZ3MiOnsicG9zdF9pZCI6IjI2NTIxMSJ9fQ==@\u00bb image=\u00bbhttps:\/\/cnsfg.cat\/wp-content\/uploads\/2021\/08\/021-escritorios.png\u00bb icon_alignment=\u00bbright\u00bb content_max_width=\u00bb100%\u00bb admin_label=\u00bbacti escoles &#8211; image 104x92px\u00bb _builder_version=\u00bb4.16&#8243; _dynamic_attributes=\u00bburl,link_option_url\u00bb header_level=\u00bbh3&#8243; header_font=\u00bb|700|||||||\u00bb header_text_color=\u00bb#1e1e26&#8243; header_font_size=\u00bb30px\u00bb body_font=\u00bbMontserrat||||||||\u00bb body_text_color=\u00bb#9b9b9b\u00bb body_font_size=\u00bb16px\u00bb body_line_height=\u00bb167%\u00bb background_color=\u00bb#ffffff\u00bb custom_padding=\u00bb35px|42px|63px|48px|false|false\u00bb custom_padding_tablet=\u00bb20px|10px|20px|10px|false|false\u00bb custom_padding_phone=\u00bb\u00bb custom_padding_last_edited=\u00bbon|tablet\u00bb animation=\u00bboff\u00bb link_option_url=\u00bb@ET-DC@eyJkeW5hbWljIjp0cnVlLCJjb250ZW50IjoicG9zdF9saW5rX3VybF9wYWdlIiwic2V0dGluZ3MiOnsicG9zdF9pZCI6IjI2NTIxMSJ9fQ==@\u00bb header_font_size_tablet=\u00bb20px\u00bb header_font_size_phone=\u00bb\u00bb header_font_size_last_edited=\u00bbon|phone\u00bb custom_css_before=\u00bbbackground: #ffd620;\u00bb custom_css_main_element=\u00bbfont-weight: 400;\u00bb custom_css_blurb_image=\u00bb    margin-bottom: 18px;\u00bb custom_css_blurb_title=\u00bbposition: relative;||font-weight: 800;||padding-top: 27px;||\u00bb custom_css_blurb_content=\u00bbfont-weight: 400;||\u00bb border_width_all=\u00bb1px\u00bb border_color_all=\u00bb#e5e5e5&#8243; locked=\u00bboff\u00bb global_colors_info=\u00bb{}\u00bb][\/et_pb_blurb][\/et_pb_column][et_pb_column type=\u00bb1_4&#8243; _builder_version=\u00bb4.16&#8243; custom_padding_tablet=\u00bb35px|25px|35px|25px|true|true\u00bb custom_padding_last_edited=\u00bboff|desktop\u00bb custom_css_main_element=\u00bb    width: 23% !important;||    margin-right: 2% !important;\u00bb border_color_all=\u00bb#e5e5e5&#8243; global_colors_info=\u00bb{}\u00bb][et_pb_blurb title=\u00bbCalendario\u00bb url=\u00bbhttps:\/\/cnsfg.cat\/es\/actividades\/#calendari-activitats\u00bb image=\u00bbhttps:\/\/cnsfg.cat\/wp-content\/uploads\/2021\/08\/023-calendario-1.png\u00bb icon_alignment=\u00bbright\u00bb content_max_width=\u00bb100%\u00bb admin_label=\u00bbcalendari activitats &#8211; image 104x92px\u00bb _builder_version=\u00bb4.18.0&#8243; header_level=\u00bbh3&#8243; header_font=\u00bb|700|||||||\u00bb header_text_color=\u00bb#1e1e26&#8243; header_font_size=\u00bb30px\u00bb body_font=\u00bbMontserrat||||||||\u00bb body_text_color=\u00bb#9b9b9b\u00bb body_font_size=\u00bb16px\u00bb body_line_height=\u00bb167%\u00bb background_color=\u00bb#ffffff\u00bb custom_padding=\u00bb35px|42px|63px|48px|false|false\u00bb custom_padding_tablet=\u00bb20px|10px|20px|10px|false|false\u00bb custom_padding_phone=\u00bb\u00bb custom_padding_last_edited=\u00bbon|tablet\u00bb animation=\u00bboff\u00bb link_option_url=\u00bbhttps:\/\/cnsfg.cat\/es\/actividades\/#calendari-activitats\u00bb header_font_size_tablet=\u00bb20px\u00bb header_font_size_phone=\u00bb\u00bb header_font_size_last_edited=\u00bbon|phone\u00bb custom_css_before=\u00bbbackground: #ffd620;\u00bb custom_css_main_element=\u00bbfont-weight: 400;\u00bb custom_css_blurb_image=\u00bb    margin-bottom: 18px;\u00bb custom_css_blurb_title=\u00bbposition: relative;||font-weight: 800;||padding-top: 27px;||\u00bb custom_css_blurb_content=\u00bbfont-weight: 400;||\u00bb border_width_all=\u00bb1px\u00bb border_color_all=\u00bb#e5e5e5&#8243; locked=\u00bboff\u00bb global_colors_info=\u00bb{}\u00bb][\/et_pb_blurb][\/et_pb_column][\/et_pb_row][et_pb_row column_structure=\u00bb1_4,1_4,1_4,1_4&#8243; use_custom_gutter=\u00bbon\u00bb gutter_width=\u00bb2&#8243; admin_label=\u00bbPara cambiar la l\u00ednea animada de color ir a &#8211; Avanzado &#8211; CSS personalizado &#8211; Antes\u00bb _builder_version=\u00bb4.16&#8243; width=\u00bb90%\u00bb custom_padding=\u00bb0px||0px||false|false\u00bb custom_css_main_element=\u00bbcounter-reset: section 3;\u00bb global_colors_info=\u00bb{}\u00bb][et_pb_column type=\u00bb1_4&#8243; _builder_version=\u00bb4.16&#8243; custom_padding_tablet=\u00bb35px|25px|35px|25px|true|true\u00bb custom_padding_last_edited=\u00bboff|desktop\u00bb custom_css_main_element=\u00bb    width: 23% !important;||    margin-right: 2% !important;\u00bb border_color_all=\u00bb#e5e5e5&#8243; global_colors_info=\u00bb{}\u00bb][et_pb_blurb title=\u00bbAlquiler\u00bb url=\u00bb@ET-DC@eyJkeW5hbWljIjp0cnVlLCJjb250ZW50IjoicG9zdF9saW5rX3VybF9wYWdlIiwic2V0dGluZ3MiOnsicG9zdF9pZCI6IjI2NTIyNSJ9fQ==@\u00bb image=\u00bbhttps:\/\/cnsfg.cat\/wp-content\/uploads\/2021\/08\/windsurf.png\u00bb icon_alignment=\u00bbright\u00bb content_max_width=\u00bb100%\u00bb admin_label=\u00bblloguer &#8211; image 60x92px\u00bb _builder_version=\u00bb4.16&#8243; _dynamic_attributes=\u00bburl,link_option_url\u00bb header_level=\u00bbh3&#8243; header_font=\u00bb|700|||||||\u00bb header_text_color=\u00bb#1e1e26&#8243; header_font_size=\u00bb30px\u00bb body_font=\u00bbMontserrat||||||||\u00bb body_text_color=\u00bb#9b9b9b\u00bb body_font_size=\u00bb16px\u00bb body_line_height=\u00bb167%\u00bb background_color=\u00bb#ffffff\u00bb custom_padding=\u00bb35px|42px|63px|48px|false|false\u00bb custom_padding_tablet=\u00bb20px|10px|20px|10px|false|false\u00bb custom_padding_phone=\u00bb\u00bb custom_padding_last_edited=\u00bbon|tablet\u00bb animation=\u00bboff\u00bb link_option_url=\u00bb@ET-DC@eyJkeW5hbWljIjp0cnVlLCJjb250ZW50IjoicG9zdF9saW5rX3VybF9wYWdlIiwic2V0dGluZ3MiOnsicG9zdF9pZCI6IjI2NTIyNSJ9fQ==@\u00bb header_font_size_tablet=\u00bb20px\u00bb header_font_size_phone=\u00bb\u00bb header_font_size_last_edited=\u00bbon|phone\u00bb custom_css_before=\u00bbbackground: #ffd620;\u00bb custom_css_main_element=\u00bbfont-weight: 400;\u00bb custom_css_blurb_image=\u00bb    margin-bottom: 18px;\u00bb custom_css_blurb_title=\u00bbposition: relative;||font-weight: 800;||padding-top: 27px;||\u00bb custom_css_blurb_content=\u00bbfont-weight: 400;||\u00bb border_width_all=\u00bb1px\u00bb border_color_all=\u00bb#e5e5e5&#8243; global_colors_info=\u00bb{}\u00bb][\/et_pb_blurb][\/et_pb_column][et_pb_column type=\u00bb1_4&#8243; _builder_version=\u00bb4.16&#8243; custom_padding_tablet=\u00bb35px|25px|35px|25px|true|true\u00bb custom_padding_last_edited=\u00bboff|desktop\u00bb custom_css_main_element=\u00bb    width: 23% !important;||    margin-right: 2% !important;\u00bb border_color_all=\u00bb#e5e5e5&#8243; global_colors_info=\u00bb{}\u00bb][et_pb_blurb title=\u00bbSubmarinismo\u00bb url=\u00bb@ET-DC@eyJkeW5hbWljIjp0cnVlLCJjb250ZW50IjoicG9zdF9saW5rX3VybF9wYWdlIiwic2V0dGluZ3MiOnsicG9zdF9pZCI6IjI2NTIyMSJ9fQ==@\u00bb image=\u00bbhttps:\/\/cnsfg.cat\/wp-content\/uploads\/2021\/08\/025-submarinismo.png\u00bb icon_alignment=\u00bbright\u00bb content_max_width=\u00bb100%\u00bb admin_label=\u00bbsubmarinisme &#8211; image 78x92px\u00bb _builder_version=\u00bb4.16&#8243; _dynamic_attributes=\u00bburl,link_option_url\u00bb header_level=\u00bbh3&#8243; header_font=\u00bb|700|||||||\u00bb header_text_color=\u00bb#1e1e26&#8243; header_font_size=\u00bb30px\u00bb body_font=\u00bbMontserrat||||||||\u00bb body_text_color=\u00bb#9b9b9b\u00bb body_font_size=\u00bb16px\u00bb body_line_height=\u00bb167%\u00bb background_color=\u00bb#ffffff\u00bb custom_padding=\u00bb35px|42px|63px|48px|false|false\u00bb custom_padding_tablet=\u00bb20px|10px|20px|10px|false|false\u00bb custom_padding_phone=\u00bb\u00bb custom_padding_last_edited=\u00bbon|tablet\u00bb animation=\u00bboff\u00bb link_option_url=\u00bb@ET-DC@eyJkeW5hbWljIjp0cnVlLCJjb250ZW50IjoicG9zdF9saW5rX3VybF9wYWdlIiwic2V0dGluZ3MiOnsicG9zdF9pZCI6IjI2NTIyMSJ9fQ==@\u00bb header_font_size_tablet=\u00bb20px\u00bb header_font_size_phone=\u00bb\u00bb header_font_size_last_edited=\u00bbon|phone\u00bb custom_css_before=\u00bbbackground: #ffd620;\u00bb custom_css_main_element=\u00bbfont-weight: 400;\u00bb custom_css_blurb_image=\u00bb    margin-bottom: 18px;\u00bb custom_css_blurb_title=\u00bbposition: relative;||font-weight: 800;||padding-top: 27px;||\u00bb custom_css_blurb_content=\u00bbfont-weight: 400;||\u00bb border_width_all=\u00bb1px\u00bb border_color_all=\u00bb#e5e5e5&#8243; locked=\u00bboff\u00bb global_colors_info=\u00bb{}\u00bb][\/et_pb_blurb][\/et_pb_column][et_pb_column type=\u00bb1_4&#8243; _builder_version=\u00bb4.16&#8243; custom_padding_tablet=\u00bb35px|25px|35px|25px|true|true\u00bb custom_padding_last_edited=\u00bboff|desktop\u00bb custom_css_main_element=\u00bb    width: 23% !important;||    margin-right: 2% !important;\u00bb border_color_all=\u00bb#e5e5e5&#8243; global_colors_info=\u00bb{}\u00bb][et_pb_blurb title=\u00bbPesca\u00bb url=\u00bb@ET-DC@eyJkeW5hbWljIjp0cnVlLCJjb250ZW50IjoicG9zdF9saW5rX3VybF9wYWdlIiwic2V0dGluZ3MiOnsicG9zdF9pZCI6IjI2NTIyMyJ9fQ==@\u00bb image=\u00bbhttps:\/\/cnsfg.cat\/wp-content\/uploads\/2021\/08\/026-pescador.png\u00bb icon_alignment=\u00bbright\u00bb content_max_width=\u00bb100%\u00bb admin_label=\u00bbpesca &#8211; image 104x92px\u00bb _builder_version=\u00bb4.16&#8243; _dynamic_attributes=\u00bburl,link_option_url\u00bb header_level=\u00bbh3&#8243; header_font=\u00bb|700|||||||\u00bb header_text_color=\u00bb#1e1e26&#8243; header_font_size=\u00bb30px\u00bb body_font=\u00bbMontserrat||||||||\u00bb body_text_color=\u00bb#9b9b9b\u00bb body_font_size=\u00bb16px\u00bb body_line_height=\u00bb167%\u00bb background_color=\u00bb#ffffff\u00bb custom_padding=\u00bb35px|42px|63px|48px|false|false\u00bb custom_padding_tablet=\u00bb20px|10px|20px|10px|false|false\u00bb custom_padding_phone=\u00bb\u00bb custom_padding_last_edited=\u00bbon|tablet\u00bb animation=\u00bboff\u00bb link_option_url=\u00bb@ET-DC@eyJkeW5hbWljIjp0cnVlLCJjb250ZW50IjoicG9zdF9saW5rX3VybF9wYWdlIiwic2V0dGluZ3MiOnsicG9zdF9pZCI6IjI2NTIyMyJ9fQ==@\u00bb header_font_size_tablet=\u00bb20px\u00bb header_font_size_phone=\u00bb\u00bb header_font_size_last_edited=\u00bbon|phone\u00bb custom_css_before=\u00bbbackground: #ffd620;\u00bb custom_css_main_element=\u00bbfont-weight: 400;\u00bb custom_css_blurb_image=\u00bb    margin-bottom: 18px;\u00bb custom_css_blurb_title=\u00bbposition: relative;||font-weight: 800;||padding-top: 27px;||\u00bb custom_css_blurb_content=\u00bbfont-weight: 400;||\u00bb border_width_all=\u00bb1px\u00bb border_color_all=\u00bb#e5e5e5&#8243; locked=\u00bboff\u00bb global_colors_info=\u00bb{}\u00bb][\/et_pb_blurb][\/et_pb_column][et_pb_column type=\u00bb1_4&#8243; _builder_version=\u00bb4.16&#8243; custom_padding_tablet=\u00bb35px|25px|35px|25px|true|true\u00bb custom_padding_last_edited=\u00bboff|desktop\u00bb custom_css_main_element=\u00bb    width: 23% !important;||    margin-right: 2% !important;\u00bb border_color_all=\u00bb#e5e5e5&#8243; global_colors_info=\u00bb{}\u00bb][et_pb_blurb title=\u00bbEntorno\u00bb url=\u00bb@ET-DC@eyJkeW5hbWljIjp0cnVlLCJjb250ZW50IjoicG9zdF9saW5rX3VybF9wYWdlIiwic2V0dGluZ3MiOnsicG9zdF9pZCI6IjI2NTIyNyJ9fQ==@\u00bb image=\u00bbhttps:\/\/cnsfg.cat\/wp-content\/uploads\/2021\/08\/027-cascada.png\u00bb icon_alignment=\u00bbright\u00bb content_max_width=\u00bb100%\u00bb admin_label=\u00bbentorn- image 104x92px\u00bb _builder_version=\u00bb4.16&#8243; _dynamic_attributes=\u00bburl,link_option_url\u00bb header_level=\u00bbh3&#8243; header_font=\u00bb|700|||||||\u00bb header_text_color=\u00bb#1e1e26&#8243; header_font_size=\u00bb30px\u00bb body_font=\u00bbMontserrat||||||||\u00bb body_text_color=\u00bb#9b9b9b\u00bb body_font_size=\u00bb16px\u00bb body_line_height=\u00bb167%\u00bb background_color=\u00bb#ffffff\u00bb custom_padding=\u00bb35px|42px|63px|48px|false|false\u00bb custom_padding_tablet=\u00bb20px|10px|20px|10px|false|false\u00bb custom_padding_phone=\u00bb\u00bb custom_padding_last_edited=\u00bbon|tablet\u00bb animation=\u00bboff\u00bb link_option_url=\u00bb@ET-DC@eyJkeW5hbWljIjp0cnVlLCJjb250ZW50IjoicG9zdF9saW5rX3VybF9wYWdlIiwic2V0dGluZ3MiOnsicG9zdF9pZCI6IjI2NTIyNyJ9fQ==@\u00bb header_font_size_tablet=\u00bb20px\u00bb header_font_size_phone=\u00bb\u00bb header_font_size_last_edited=\u00bbon|phone\u00bb custom_css_before=\u00bbbackground: #ffd620;\u00bb custom_css_main_element=\u00bbfont-weight: 400;\u00bb custom_css_blurb_image=\u00bb    margin-bottom: 18px;\u00bb custom_css_blurb_title=\u00bbposition: relative;||font-weight: 800;||padding-top: 27px;||\u00bb custom_css_blurb_content=\u00bbfont-weight: 400;||\u00bb border_width_all=\u00bb1px\u00bb border_color_all=\u00bb#e5e5e5&#8243; locked=\u00bboff\u00bb global_colors_info=\u00bb{}\u00bb][\/et_pb_blurb][\/et_pb_column][\/et_pb_row][\/et_pb_section]<\/p>\n","protected":false},"excerpt":{"rendered":"<p>AlquilerVela, surf, kayak y alquiler de bicicletasEl Club N\u00e1utico ofrece a sus socios y visitantes el alquiler de bicicletas, barcos y otros materiales para practicar diversos deportes acu\u00e1ticos en las [&hellip;]<\/p>\n","protected":false},"author":5,"featured_media":354349,"parent":349654,"menu_order":0,"comment_status":"closed","ping_status":"closed","template":"","meta":{"_et_pb_use_builder":"on","_et_pb_old_content":"","_et_gb_content_width":"","footnotes":""},"difl_page_category":[],"class_list":["post-350141","page","type-page","status-publish","has-post-thumbnail","hentry"],"yoast_head":"<!-- This site is optimized with the Yoast SEO plugin v27.4 - https:\/\/yoast.com\/product\/yoast-seo-wordpress\/ -->\n<title>Alquiler - Club N\u00e0utic Sant Feliu de Guixols<\/title>\n<meta name=\"description\" content=\"\u00bfQuieres alquilar un velero, windsurf o paddle surf board, o ir a navegar o kayak? Reserva ahora en el club n\u00e1utico.\" \/>\n<meta name=\"robots\" content=\"index, follow, max-snippet:-1, max-image-preview:large, max-video-preview:-1\" \/>\n<link rel=\"canonical\" href=\"https:\/\/cnsfg.cat\/es\/actividades\/alquiler\/\" \/>\n<meta property=\"og:locale\" content=\"es_ES\" \/>\n<meta property=\"og:type\" content=\"article\" \/>\n<meta property=\"og:title\" content=\"Alquiler - Club N\u00e0utic Sant Feliu de Guixols\" \/>\n<meta property=\"og:description\" content=\"\u00bfQuieres alquilar un velero, windsurf o paddle surf board, o ir a navegar o kayak? Reserva ahora en el club n\u00e1utico.\" \/>\n<meta property=\"og:url\" content=\"https:\/\/cnsfg.cat\/es\/actividades\/alquiler\/\" \/>\n<meta property=\"og:site_name\" content=\"Club N\u00e0utic Sant Feliu de Guixols\" \/>\n<meta property=\"article:publisher\" content=\"https:\/\/www.facebook.com\/Club-N%c3%a0utic-Sant-Feliu-525823567569507\/\" \/>\n<meta property=\"article:modified_time\" content=\"2025-07-23T12:43:52+00:00\" \/>\n<meta property=\"og:image\" content=\"https:\/\/cnsfg.cat\/wp-content\/uploads\/2022\/04\/201907_CN_EscolaV_0074-1920px.jpg\" \/>\n\t<meta property=\"og:image:width\" content=\"1920\" \/>\n\t<meta property=\"og:image:height\" content=\"1080\" \/>\n\t<meta property=\"og:image:type\" content=\"image\/jpeg\" \/>\n<meta name=\"twitter:card\" content=\"summary_large_image\" \/>\n<meta name=\"twitter:site\" content=\"@NauticSantFeliu\" \/>\n<script type=\"application\/ld+json\" class=\"yoast-schema-graph\">{\"@context\":\"https:\\\/\\\/schema.org\",\"@graph\":[{\"@type\":\"WebPage\",\"@id\":\"https:\\\/\\\/cnsfg.cat\\\/es\\\/actividades\\\/alquiler\\\/\",\"url\":\"https:\\\/\\\/cnsfg.cat\\\/es\\\/actividades\\\/alquiler\\\/\",\"name\":\"Alquiler - Club N\u00e0utic Sant Feliu de Guixols\",\"isPartOf\":{\"@id\":\"https:\\\/\\\/cnsfg.cat\\\/es\\\/#website\"},\"primaryImageOfPage\":{\"@id\":\"https:\\\/\\\/cnsfg.cat\\\/es\\\/actividades\\\/alquiler\\\/#primaryimage\"},\"image\":{\"@id\":\"https:\\\/\\\/cnsfg.cat\\\/es\\\/actividades\\\/alquiler\\\/#primaryimage\"},\"thumbnailUrl\":\"https:\\\/\\\/cnsfg.cat\\\/wp-content\\\/uploads\\\/2022\\\/04\\\/201907_CN_EscolaV_0074-1920px.jpg\",\"datePublished\":\"2020-03-27T07:43:24+00:00\",\"dateModified\":\"2025-07-23T12:43:52+00:00\",\"description\":\"\u00bfQuieres alquilar un velero, windsurf o paddle surf board, o ir a navegar o kayak? Reserva ahora en el club n\u00e1utico.\",\"breadcrumb\":{\"@id\":\"https:\\\/\\\/cnsfg.cat\\\/es\\\/actividades\\\/alquiler\\\/#breadcrumb\"},\"inLanguage\":\"es\",\"potentialAction\":[{\"@type\":\"ReadAction\",\"target\":[\"https:\\\/\\\/cnsfg.cat\\\/es\\\/actividades\\\/alquiler\\\/\"]}]},{\"@type\":\"ImageObject\",\"inLanguage\":\"es\",\"@id\":\"https:\\\/\\\/cnsfg.cat\\\/es\\\/actividades\\\/alquiler\\\/#primaryimage\",\"url\":\"https:\\\/\\\/cnsfg.cat\\\/wp-content\\\/uploads\\\/2022\\\/04\\\/201907_CN_EscolaV_0074-1920px.jpg\",\"contentUrl\":\"https:\\\/\\\/cnsfg.cat\\\/wp-content\\\/uploads\\\/2022\\\/04\\\/201907_CN_EscolaV_0074-1920px.jpg\",\"width\":1920,\"height\":1080},{\"@type\":\"BreadcrumbList\",\"@id\":\"https:\\\/\\\/cnsfg.cat\\\/es\\\/actividades\\\/alquiler\\\/#breadcrumb\",\"itemListElement\":[{\"@type\":\"ListItem\",\"position\":1,\"name\":\"Portada\",\"item\":\"https:\\\/\\\/cnsfg.cat\\\/es\\\/\"},{\"@type\":\"ListItem\",\"position\":2,\"name\":\"Actividades\",\"item\":\"https:\\\/\\\/cnsfg.cat\\\/es\\\/actividades\\\/\"},{\"@type\":\"ListItem\",\"position\":3,\"name\":\"Alquiler\"}]},{\"@type\":\"WebSite\",\"@id\":\"https:\\\/\\\/cnsfg.cat\\\/es\\\/#website\",\"url\":\"https:\\\/\\\/cnsfg.cat\\\/es\\\/\",\"name\":\"Club N\u00e0utic Sant Feliu de Guixols\",\"description\":\"Club N\u00e0utic Sant Feliu de Guixols\",\"publisher\":{\"@id\":\"https:\\\/\\\/cnsfg.cat\\\/es\\\/#organization\"},\"potentialAction\":[{\"@type\":\"SearchAction\",\"target\":{\"@type\":\"EntryPoint\",\"urlTemplate\":\"https:\\\/\\\/cnsfg.cat\\\/es\\\/?s={search_term_string}\"},\"query-input\":{\"@type\":\"PropertyValueSpecification\",\"valueRequired\":true,\"valueName\":\"search_term_string\"}}],\"inLanguage\":\"es\"},{\"@type\":\"Organization\",\"@id\":\"https:\\\/\\\/cnsfg.cat\\\/es\\\/#organization\",\"name\":\"Club Na\u00f9tic Sant Feliu de Guixols\",\"url\":\"https:\\\/\\\/cnsfg.cat\\\/es\\\/\",\"logo\":{\"@type\":\"ImageObject\",\"inLanguage\":\"es\",\"@id\":\"https:\\\/\\\/cnsfg.cat\\\/es\\\/#\\\/schema\\\/logo\\\/image\\\/\",\"url\":\"https:\\\/\\\/cnsfg.cat\\\/wp-content\\\/uploads\\\/2020\\\/03\\\/LOGO_CNSFG_180.png\",\"contentUrl\":\"https:\\\/\\\/cnsfg.cat\\\/wp-content\\\/uploads\\\/2020\\\/03\\\/LOGO_CNSFG_180.png\",\"width\":180,\"height\":71,\"caption\":\"Club Na\u00f9tic Sant Feliu de Guixols\"},\"image\":{\"@id\":\"https:\\\/\\\/cnsfg.cat\\\/es\\\/#\\\/schema\\\/logo\\\/image\\\/\"},\"sameAs\":[\"https:\\\/\\\/www.facebook.com\\\/Club-N\u00e0utic-Sant-Feliu-525823567569507\\\/\",\"https:\\\/\\\/x.com\\\/NauticSantFeliu\"]}]}<\/script>\n<!-- \/ Yoast SEO plugin. -->","yoast_head_json":{"title":"Alquiler - Club N\u00e0utic Sant Feliu de Guixols","description":"\u00bfQuieres alquilar un velero, windsurf o paddle surf board, o ir a navegar o kayak? Reserva ahora en el club n\u00e1utico.","robots":{"index":"index","follow":"follow","max-snippet":"max-snippet:-1","max-image-preview":"max-image-preview:large","max-video-preview":"max-video-preview:-1"},"canonical":"https:\/\/cnsfg.cat\/es\/actividades\/alquiler\/","og_locale":"es_ES","og_type":"article","og_title":"Alquiler - Club N\u00e0utic Sant Feliu de Guixols","og_description":"\u00bfQuieres alquilar un velero, windsurf o paddle surf board, o ir a navegar o kayak? Reserva ahora en el club n\u00e1utico.","og_url":"https:\/\/cnsfg.cat\/es\/actividades\/alquiler\/","og_site_name":"Club N\u00e0utic Sant Feliu de Guixols","article_publisher":"https:\/\/www.facebook.com\/Club-N%c3%a0utic-Sant-Feliu-525823567569507\/","article_modified_time":"2025-07-23T12:43:52+00:00","og_image":[{"width":1920,"height":1080,"url":"https:\/\/cnsfg.cat\/wp-content\/uploads\/2022\/04\/201907_CN_EscolaV_0074-1920px.jpg","type":"image\/jpeg"}],"twitter_card":"summary_large_image","twitter_site":"@NauticSantFeliu","schema":{"@context":"https:\/\/schema.org","@graph":[{"@type":"WebPage","@id":"https:\/\/cnsfg.cat\/es\/actividades\/alquiler\/","url":"https:\/\/cnsfg.cat\/es\/actividades\/alquiler\/","name":"Alquiler - Club N\u00e0utic Sant Feliu de Guixols","isPartOf":{"@id":"https:\/\/cnsfg.cat\/es\/#website"},"primaryImageOfPage":{"@id":"https:\/\/cnsfg.cat\/es\/actividades\/alquiler\/#primaryimage"},"image":{"@id":"https:\/\/cnsfg.cat\/es\/actividades\/alquiler\/#primaryimage"},"thumbnailUrl":"https:\/\/cnsfg.cat\/wp-content\/uploads\/2022\/04\/201907_CN_EscolaV_0074-1920px.jpg","datePublished":"2020-03-27T07:43:24+00:00","dateModified":"2025-07-23T12:43:52+00:00","description":"\u00bfQuieres alquilar un velero, windsurf o paddle surf board, o ir a navegar o kayak? Reserva ahora en el club n\u00e1utico.","breadcrumb":{"@id":"https:\/\/cnsfg.cat\/es\/actividades\/alquiler\/#breadcrumb"},"inLanguage":"es","potentialAction":[{"@type":"ReadAction","target":["https:\/\/cnsfg.cat\/es\/actividades\/alquiler\/"]}]},{"@type":"ImageObject","inLanguage":"es","@id":"https:\/\/cnsfg.cat\/es\/actividades\/alquiler\/#primaryimage","url":"https:\/\/cnsfg.cat\/wp-content\/uploads\/2022\/04\/201907_CN_EscolaV_0074-1920px.jpg","contentUrl":"https:\/\/cnsfg.cat\/wp-content\/uploads\/2022\/04\/201907_CN_EscolaV_0074-1920px.jpg","width":1920,"height":1080},{"@type":"BreadcrumbList","@id":"https:\/\/cnsfg.cat\/es\/actividades\/alquiler\/#breadcrumb","itemListElement":[{"@type":"ListItem","position":1,"name":"Portada","item":"https:\/\/cnsfg.cat\/es\/"},{"@type":"ListItem","position":2,"name":"Actividades","item":"https:\/\/cnsfg.cat\/es\/actividades\/"},{"@type":"ListItem","position":3,"name":"Alquiler"}]},{"@type":"WebSite","@id":"https:\/\/cnsfg.cat\/es\/#website","url":"https:\/\/cnsfg.cat\/es\/","name":"Club N\u00e0utic Sant Feliu de Guixols","description":"Club N\u00e0utic Sant Feliu de Guixols","publisher":{"@id":"https:\/\/cnsfg.cat\/es\/#organization"},"potentialAction":[{"@type":"SearchAction","target":{"@type":"EntryPoint","urlTemplate":"https:\/\/cnsfg.cat\/es\/?s={search_term_string}"},"query-input":{"@type":"PropertyValueSpecification","valueRequired":true,"valueName":"search_term_string"}}],"inLanguage":"es"},{"@type":"Organization","@id":"https:\/\/cnsfg.cat\/es\/#organization","name":"Club Na\u00f9tic Sant Feliu de Guixols","url":"https:\/\/cnsfg.cat\/es\/","logo":{"@type":"ImageObject","inLanguage":"es","@id":"https:\/\/cnsfg.cat\/es\/#\/schema\/logo\/image\/","url":"https:\/\/cnsfg.cat\/wp-content\/uploads\/2020\/03\/LOGO_CNSFG_180.png","contentUrl":"https:\/\/cnsfg.cat\/wp-content\/uploads\/2020\/03\/LOGO_CNSFG_180.png","width":180,"height":71,"caption":"Club Na\u00f9tic Sant Feliu de Guixols"},"image":{"@id":"https:\/\/cnsfg.cat\/es\/#\/schema\/logo\/image\/"},"sameAs":["https:\/\/www.facebook.com\/Club-N\u00e0utic-Sant-Feliu-525823567569507\/","https:\/\/x.com\/NauticSantFeliu"]}]}},"_links":{"self":[{"href":"https:\/\/cnsfg.cat\/es\/wp-json\/wp\/v2\/pages\/350141","targetHints":{"allow":["GET"]}}],"collection":[{"href":"https:\/\/cnsfg.cat\/es\/wp-json\/wp\/v2\/pages"}],"about":[{"href":"https:\/\/cnsfg.cat\/es\/wp-json\/wp\/v2\/types\/page"}],"author":[{"embeddable":true,"href":"https:\/\/cnsfg.cat\/es\/wp-json\/wp\/v2\/users\/5"}],"replies":[{"embeddable":true,"href":"https:\/\/cnsfg.cat\/es\/wp-json\/wp\/v2\/comments?post=350141"}],"version-history":[{"count":5,"href":"https:\/\/cnsfg.cat\/es\/wp-json\/wp\/v2\/pages\/350141\/revisions"}],"predecessor-version":[{"id":407516,"href":"https:\/\/cnsfg.cat\/es\/wp-json\/wp\/v2\/pages\/350141\/revisions\/407516"}],"up":[{"embeddable":true,"href":"https:\/\/cnsfg.cat\/es\/wp-json\/wp\/v2\/pages\/349654"}],"wp:featuredmedia":[{"embeddable":true,"href":"https:\/\/cnsfg.cat\/es\/wp-json\/wp\/v2\/media\/354349"}],"wp:attachment":[{"href":"https:\/\/cnsfg.cat\/es\/wp-json\/wp\/v2\/media?parent=350141"}],"wp:term":[{"taxonomy":"difl_page_category","embeddable":true,"href":"https:\/\/cnsfg.cat\/es\/wp-json\/wp\/v2\/difl_page_category?post=350141"}],"curies":[{"name":"wp","href":"https:\/\/api.w.org\/{rel}","templated":true}]}}