{"id":403979,"date":"2024-10-16T17:20:29","date_gmt":"2024-10-16T15:20:29","guid":{"rendered":"https:\/\/cnsfg.cat\/actividades\/escuela-de-vela\/remo-cursos-y-competiciones\/"},"modified":"2025-01-23T14:54:48","modified_gmt":"2025-01-23T13:54:48","slug":"remo-cursos-y-competiciones","status":"publish","type":"page","link":"https:\/\/cnsfg.cat\/es\/actividades\/remo-cursos-y-competiciones\/","title":{"rendered":"Remo &#8211; cursos y competiciones"},"content":{"rendered":"<p>[et_pb_section fb_built=\u00bb1&#8243; admin_label=\u00bbimagen\u00bb module_class=\u00bbtina_careers_header\u00bb _builder_version=\u00bb4.27.4&#8243; use_background_color_gradient=\u00bbon\u00bb background_color_gradient_stops=\u00bbrgba(255,255,255,0) 50%|#ffffff 100%\u00bb background_image=\u00bbhttps:\/\/cnsfg.cat\/wp-content\/uploads\/2025\/01\/image00034_1920px@75.jpg\u00bb background_position=\u00bbbottom_center\u00bb background_blend=\u00bboverlay\u00bb height=\u00bb450px\u00bb height_tablet=\u00bb350px\u00bb height_phone=\u00bb188px\u00bb height_last_edited=\u00bbon|phone\u00bb custom_margin_tablet=\u00bb\u00bb custom_margin_phone=\u00bb70px||||false|false\u00bb custom_margin_last_edited=\u00bbon|phone\u00bb custom_padding=\u00bb0px||0px||false|false\u00bb background_last_edited=\u00bbon|desktop\u00bb locked=\u00bboff\u00bb global_colors_info=\u00bb{}\u00bb][\/et_pb_section][et_pb_section fb_built=\u00bb1&#8243; _builder_version=\u00bb4.16&#8243; _module_preset=\u00bb823a4ffd-90f5-4a00-a2e7-b31f4bace74d\u00bb custom_margin=\u00bb0px||||false|false\u00bb custom_margin_tablet=\u00bb\u00bb custom_margin_phone=\u00bb0px||0px||false|false\u00bb custom_margin_last_edited=\u00bbon|phone\u00bb locked=\u00bboff\u00bb collapsed=\u00bboff\u00bb global_colors_info=\u00bb{}\u00bb][et_pb_row _builder_version=\u00bb4.16&#8243; _module_preset=\u00bba5ffc339-760b-420b-ab1c-74de3f804064&#8243; global_colors_info=\u00bb{}\u00bb][et_pb_column type=\u00bb4_4&#8243; _builder_version=\u00bb4.16&#8243; _module_preset=\u00bbdefault\u00bb global_colors_info=\u00bb{}\u00bb][et_pb_text admin_label=\u00bbcontacta Text\u00bb _builder_version=\u00bb4.27.2&#8243; _module_preset=\u00bbf1e0e75e-444a-45fd-a7a1-01dd37f8b987&#8243; global_colors_info=\u00bb{}\u00bb]<\/p>\n<h1>Remo<\/h1>\n<p>[\/et_pb_text][\/et_pb_column][\/et_pb_row][\/et_pb_section][et_pb_section fb_built=\u00bb1&#8243; custom_padding_last_edited=\u00bbon|tablet\u00bb admin_label=\u00bbcontenidoactiitats escoles\u00bb module_class=\u00bbtina_never_been_blurbs desc-act-escoles\u00bb _builder_version=\u00bb4.17.3&#8243; custom_margin=\u00bb||13px|||\u00bb custom_padding=\u00bb0px||0px||false|false\u00bb custom_padding_tablet=\u00bb||0px||false|false\u00bb custom_padding_phone=\u00bb\u00bb custom_css_main_element=\u00bboverflow: hidden;\u00bb collapsed=\u00bboff\u00bb global_colors_info=\u00bb{}\u00bb][et_pb_row column_structure=\u00bb1_3,2_3&#8243; use_custom_gutter=\u00bbon\u00bb gutter_width=\u00bb2&#8243; custom_padding_last_edited=\u00bbon|tablet\u00bb admin_label=\u00bbcontenido\u00bb _builder_version=\u00bb4.17.3&#8243; width=\u00bb90%\u00bb custom_padding=\u00bb102px||94px||false|false\u00bb custom_padding_tablet=\u00bb60px||60px||false|false\u00bb custom_padding_phone=\u00bb\u00bb custom_css_before=\u00bbcontent: %22%22;||display: block;||background-color: #f5f5f5;||position: absolute;||left:0;||top:0;||width: 400%;||height: 110%;\u00bb global_colors_info=\u00bb{}\u00bb][et_pb_column type=\u00bb1_3&#8243; module_class=\u00bbvideo-col\u00bb _builder_version=\u00bb4.17.3&#8243; custom_css_main_element=\u00bb    width: 31.5% !important;||    margin-right: 2.5% !important;\u00bb global_colors_info=\u00bb{}\u00bb][et_pb_image src=\u00bbhttps:\/\/cnsfg.cat\/wp-content\/uploads\/2024\/10\/CNSFG-rem_05.jpeg\u00bb title_text=\u00bbCNSFG rem_05&#8243; _builder_version=\u00bb4.27.2&#8243; _module_preset=\u00bbdefault\u00bb custom_margin=\u00bb|||-60px|false|false\u00bb global_colors_info=\u00bb{}\u00bb][\/et_pb_image][\/et_pb_column][et_pb_column type=\u00bb2_3&#8243; _builder_version=\u00bb4.16&#8243; custom_padding=\u00bb1.3%||||false|false\u00bb global_colors_info=\u00bb{}\u00bb][et_pb_text _builder_version=\u00bb4.27.2&#8243; _module_preset=\u00bba9637137-e175-4c07-942f-c294692118b6&#8243; custom_margin_tablet=\u00bb|||15px|false|false\u00bb custom_margin_phone=\u00bb\u00bb custom_margin_last_edited=\u00bbon|phone\u00bb global_colors_info=\u00bb{}\u00bb]<\/p>\n<h2>Cursos, competiciones y actividades de remo.<\/h2>\n<p>[\/et_pb_text][et_pb_text _builder_version=\u00bb4.27.2&#8243; _module_preset=\u00bbdefault\u00bb text_font=\u00bbMontserrat||||||||\u00bb text_text_color=\u00bb#9b9b9b\u00bb text_font_size=\u00bb16px\u00bb custom_margin_tablet=\u00bb|||15px|false|false\u00bb custom_margin_phone=\u00bb\u00bb custom_margin_last_edited=\u00bbon|phone\u00bb locked=\u00bboff\u00bb global_colors_info=\u00bb{}\u00bb]<\/p>\n<p>El Club N\u00e1utico Sant Feliu de Gu\u00edxols incorpora una nueva actividad de Remo en 2024 con la visi\u00f3n de llegar a ser un referente del remo en Catalu\u00f1a por la funcionalidad y atractivo de nuestras instalaciones y, especialmente, por la profesionalidad y el trato cercano e individualizado que ofrece nuestro personal a todos los socios y usuarios.<\/p>\n<p>El tipo de embarcaci\u00f3n que utilizamos son la\u00fad mediterr\u00e1neo y batel que son embarcaciones de banco fijo. La t\u00e9cnica de remo se efect\u00faa con la extensi\u00f3n de las piernas y cuerpo al mismo tiempo y densaz\u00f3n de brazos a continuaci\u00f3n. <\/p>\n<p>[\/et_pb_text][et_pb_text _builder_version=\u00bb4.27.2&#8243; _module_preset=\u00bbdefault\u00bb text_font=\u00bbMontserrat||||||||\u00bb text_text_color=\u00bb#9b9b9b\u00bb text_font_size=\u00bb16px\u00bb custom_margin_tablet=\u00bb|||15px|false|false\u00bb custom_margin_phone=\u00bb|||15px|false|false\u00bb custom_margin_last_edited=\u00bbon|tablet\u00bb locked=\u00bboff\u00bb global_colors_info=\u00bb{}\u00bb]<\/p>\n<p><strong>\u00bfC\u00f3mo hacer la reserva?<\/strong><br \/>Para los cursos, podr\u00e1s solicitar tu plaza en el formulario de inscripciones.  <\/p>\n<p>Para reservar una embarcaci\u00f3n, es necesario &#8230;<\/p>\n<p>[\/et_pb_text][et_pb_button button_url=\u00bbhttps:\/\/cnsfg.cat\/es\/actividades\/escuela-de-vela\/registro\/\u00bb url_new_window=\u00bbon\u00bb button_text=\u00bbInscripciones\u00bb button_alignment=\u00bbleft\u00bb admin_label=\u00bbButton Inscripcions\u00bb _builder_version=\u00bb4.27.2&#8243; background_layout=\u00bbdark\u00bb custom_margin_tablet=\u00bb|||15px|false|false\u00bb custom_margin_phone=\u00bb\u00bb custom_margin_last_edited=\u00bbon|tablet\u00bb custom_padding=\u00bb10px|10px|10px|10px|false|false\u00bb custom_css_before=\u00bbcontent:%22%22;||display:block;||width:100%;||height:2px;||background:#000;||opacity:1;||top: auto;|| bottom: 0;||margin-left:0px;\u00bb locked=\u00bboff\u00bb global_colors_info=\u00bb{}\u00bb custom_css_before__hover_enabled=\u00bbon|hover\u00bb custom_css_before__hover=\u00bbwidth:10%;\u00bb button_bg_color__hover_enabled=\u00bbon|hover\u00bb button_bg_color__hover=\u00bbrgba(0,0,0,0)\u00bb button_bg_enable_color__hover=\u00bbon\u00bb][\/et_pb_button][\/et_pb_column][\/et_pb_row][\/et_pb_section][et_pb_section fb_built=\u00bb1&#8243; custom_padding_last_edited=\u00bbon|tablet\u00bb admin_label=\u00bbLes nostres activitats escolars\u00bb module_class=\u00bbtina_get_enough_blurbs activitats-escolars\u00bb _builder_version=\u00bb4.17.3&#8243; custom_padding=\u00bb17px||97px||false|false\u00bb custom_padding_tablet=\u00bb40px||40px||false|false\u00bb custom_padding_phone=\u00bb\u00bb locked=\u00bboff\u00bb global_colors_info=\u00bb{}\u00bb][et_pb_row _builder_version=\u00bb4.16&#8243; _module_preset=\u00bbdefault\u00bb custom_padding=\u00bb0px||0px|||\u00bb global_colors_info=\u00bb{}\u00bb][et_pb_column type=\u00bb4_4&#8243; _builder_version=\u00bb4.16&#8243; _module_preset=\u00bbdefault\u00bb global_colors_info=\u00bb{}\u00bb][et_pb_text admin_label=\u00bbLes nostres activitats escolars : \u00bb _builder_version=\u00bb4.27.2&#8243; _module_preset=\u00bba9637137-e175-4c07-942f-c294692118b6&#8243; locked=\u00bboff\u00bb global_colors_info=\u00bb{}\u00bb]<\/p>\n<h2>Nuestras modalidades de remo:<\/h2>\n<p>[\/et_pb_text][\/et_pb_column][\/et_pb_row][et_pb_row column_structure=\u00bb1_3,1_3,1_3&#8243; use_custom_gutter=\u00bbon\u00bb gutter_width=\u00bb2&#8243; admin_label=\u00bbNuestras actividades escolares\u00bb module_class=\u00bbactivitats-columns\u00bb _builder_version=\u00bb4.17.3&#8243; width=\u00bb90%\u00bb custom_padding=\u00bb21px||||false|false\u00bb global_colors_info=\u00bb{}\u00bb][et_pb_column type=\u00bb1_3&#8243; _builder_version=\u00bb4.16&#8243; custom_css_main_element=\u00bb    width: 32% !important;||    margin-right: 2% !important;\u00bb global_colors_info=\u00bb{}\u00bb][et_pb_blurb title=\u00bbCompetici\u00f3n\u00bb use_icon=\u00bbon\u00bb font_icon=\u00bb&#x5a;||divi||400&#8243; icon_color=\u00bb#ccb23f\u00bb image_icon_background_color=\u00bbRGBA(255,255,255,0)\u00bb content_max_width=\u00bb100%\u00bb admin_label=\u00bbbateig de mar Blurb &#8211; image 63x63px\u00bb _builder_version=\u00bb4.27.2&#8243; header_level=\u00bbh3&#8243; header_font=\u00bbCormorant Garamond||||||||\u00bb header_text_color=\u00bb#1e1e26&#8243; header_font_size=\u00bb28px\u00bb header_line_height=\u00bb120%\u00bb body_font=\u00bbMontserrat||||||||\u00bb body_text_color=\u00bb#9b9b9b\u00bb body_font_size=\u00bb16px\u00bb body_line_height=\u00bb161%\u00bb background_color=\u00bbrgba(216,215,214,0.3)\u00bb custom_padding=\u00bb54px|28px|104px|28px|false|false\u00bb child_filter_sepia=\u00bb50%\u00bb header_font_size_tablet=\u00bb20px\u00bb header_font_size_phone=\u00bb\u00bb header_font_size_last_edited=\u00bbon|tablet\u00bb custom_css_blurb_image=\u00bb    margin-bottom: 17px;\u00bb custom_css_blurb_title=\u00bbfont-weight:800;||    padding-bottom: 18px;\u00bb custom_css_blurb_content=\u00bbfont-weight: 400;\u00bb global_colors_info=\u00bb{}\u00bb custom_css_after__hover_enabled=\u00bboff|hover\u00bb]<\/p>\n<p>En los diferentes equipos de competici\u00f3n exprimimos cada palada para llegar lo m\u00e1s lejos posible. Participamos en todos los hitos m\u00e1s importantes del calendario de remo nacional y seleccionamos otras regatas interesantes de participaci\u00f3n. <\/p>\n<h5>CATEGOR\u00cdAS:<\/h5>\n<ul>\n<li>Veterano femenino<\/li>\n<li>Veterano masculino<\/li>\n<li>Absoluto femenino<\/li>\n<li>Absoluto masculino<\/li>\n<\/ul>\n<p>*Seg\u00fan participaci\u00f3n tambi\u00e9n se promueve la competici\u00f3n en las categor\u00edas inferiores.<\/p>\n<p>[\/et_pb_blurb][et_pb_image src=\u00bbhttps:\/\/cnsfg.cat\/wp-content\/uploads\/2024\/10\/CNSFG-rem_01.jpeg\u00bb title_text=\u00bbCNSFG rem_01&#8243; _builder_version=\u00bb4.27.2&#8243; _module_preset=\u00bbdefault\u00bb global_colors_info=\u00bb{}\u00bb][\/et_pb_image][\/et_pb_column][et_pb_column type=\u00bb1_3&#8243; _builder_version=\u00bb4.16&#8243; custom_css_main_element=\u00bb    width: 32% !important;||    margin-right: 2% !important;\u00bb global_colors_info=\u00bb{}\u00bb][et_pb_blurb title=\u00bbEscuela\u00bb use_icon=\u00bbon\u00bb font_icon=\u00bb&#x5a;||divi||400&#8243; icon_color=\u00bb#ccb23f\u00bb image_icon_background_color=\u00bbRGBA(255,255,255,0)\u00bb content_max_width=\u00bb100%\u00bb admin_label=\u00bbbateig de mar Blurb &#8211; image 63x63px\u00bb _builder_version=\u00bb4.27.2&#8243; header_level=\u00bbh3&#8243; header_font=\u00bbCormorant Garamond||||||||\u00bb header_text_color=\u00bb#1e1e26&#8243; header_font_size=\u00bb28px\u00bb header_line_height=\u00bb120%\u00bb body_font=\u00bbMontserrat||||||||\u00bb body_text_color=\u00bb#9b9b9b\u00bb body_font_size=\u00bb16px\u00bb body_line_height=\u00bb161%\u00bb background_color=\u00bbrgba(216,215,214,0.3)\u00bb custom_padding=\u00bb54px|28px|104px|28px|false|false\u00bb child_filter_sepia=\u00bb50%\u00bb header_font_size_tablet=\u00bb20px\u00bb header_font_size_phone=\u00bb\u00bb header_font_size_last_edited=\u00bbon|tablet\u00bb custom_css_blurb_image=\u00bb    margin-bottom: 17px;\u00bb custom_css_blurb_title=\u00bbfont-weight:800;||    padding-bottom: 18px;\u00bb custom_css_blurb_content=\u00bbfont-weight: 400;\u00bb global_colors_info=\u00bb{}\u00bb custom_css_after__hover_enabled=\u00bboff|hover\u00bb]<\/p>\n<p>En nuestra escuela queremos transmitir los valores inherentes a la pr\u00e1ctica del deporte a los ni\u00f1os y ni\u00f1as y ense\u00f1ar a remar.<\/p>\n<h6>CATEGOR\u00cdAS:<\/h6>\n<ul>\n<li>Juvenil<\/li>\n<li>Cadete<\/li>\n<li>Infantil<\/li>\n<li>Alev\u00edn<\/li>\n<\/ul>\n<p>El objetivo del equipo deportivo (formado por aquellas personas que no pueden o no quieren comprometerse al nivel de los equipos de competici\u00f3n), es tener la mejor t\u00e9cnica posible y mantener un nivel de calidad de la pr\u00e1ctica deportiva al aire libre.<\/p>\n<p>[\/et_pb_blurb][\/et_pb_column][et_pb_column type=\u00bb1_3&#8243; _builder_version=\u00bb4.16&#8243; custom_css_main_element=\u00bb    width: 32% !important;\u00bb global_colors_info=\u00bb{}\u00bb][et_pb_blurb title=\u00bbDeportivo\u00bb use_icon=\u00bbon\u00bb font_icon=\u00bb&#x5a;||divi||400&#8243; icon_color=\u00bb#ccb23f\u00bb image_icon_background_color=\u00bbRGBA(255,255,255,0)\u00bb content_max_width=\u00bb100%\u00bb admin_label=\u00bbbateig de mar Blurb &#8211; image 63x63px\u00bb _builder_version=\u00bb4.27.2&#8243; header_level=\u00bbh3&#8243; header_font=\u00bbCormorant Garamond||||||||\u00bb header_text_color=\u00bb#1e1e26&#8243; header_font_size=\u00bb28px\u00bb header_line_height=\u00bb120%\u00bb body_font=\u00bbMontserrat||||||||\u00bb body_text_color=\u00bb#9b9b9b\u00bb body_font_size=\u00bb16px\u00bb body_line_height=\u00bb161%\u00bb background_color=\u00bbrgba(216,215,214,0.3)\u00bb custom_padding=\u00bb54px|28px|104px|28px|false|false\u00bb child_filter_sepia=\u00bb50%\u00bb header_font_size_tablet=\u00bb20px\u00bb header_font_size_phone=\u00bb\u00bb header_font_size_last_edited=\u00bbon|tablet\u00bb custom_css_blurb_image=\u00bb    margin-bottom: 17px;\u00bb custom_css_blurb_title=\u00bbfont-weight:800;||    padding-bottom: 18px;\u00bb custom_css_blurb_content=\u00bbfont-weight: 400;\u00bb global_colors_info=\u00bb{}\u00bb custom_css_after__hover_enabled=\u00bboff|hover\u00bb]<\/p>\n<p>Lo deportivo es ideal para todas aquellas personas que quieran <strong>iniciarse en el mundo del remo<\/strong>, o que ya han rematado antes, pero no quieren competir. A lo largo de la semana hacen diferentes salidas en Llagut Catal\u00e0 para disfrutar del mar y vogar por nuestra costa. Eso s\u00ed, no ir a regatas oficiales de la Federaci\u00f3n Catalana de Remo no quiere decir que no participen en eventos o regatas populares de inter\u00e9s social junto con otros clubes de Catalu\u00f1a.  <\/p>\n<p>Esta secci\u00f3n engloba a gente de todas las edades y condiciones con ganas de trabajar en equipo, salir al mar y hacer deporte. Sus ganas de aprender son un ejemplo para las categor\u00edas de competici\u00f3n, que muchas veces van atadas de la mano, ya que vogadores y vogadoras j\u00f3venes los acompa\u00f1an a sus entrenamientos para timonear y cooperar mutuamente, unos se ponen en la piel de los timonel\/as de su equipo y los otros tienen a una persona que les ayuda y corrige su t\u00e9cnica en el agua. <\/p>\n<p>[\/et_pb_blurb][\/et_pb_column][\/et_pb_row][\/et_pb_section][et_pb_section fb_built=\u00bb1&#8243; _builder_version=\u00bb4.27.2&#8243; _module_preset=\u00bbdefault\u00bb background_color=\u00bbrgba(216,215,214,0.3)\u00bb global_colors_info=\u00bb{}\u00bb][et_pb_row _builder_version=\u00bb4.27.2&#8243; _module_preset=\u00bbdefault\u00bb global_colors_info=\u00bb{}\u00bb][et_pb_column type=\u00bb4_4&#8243; _builder_version=\u00bb4.27.2&#8243; _module_preset=\u00bbdefault\u00bb global_colors_info=\u00bb{}\u00bb][et_pb_text _builder_version=\u00bb4.27.4&#8243; _module_preset=\u00bbdefault\u00bb header_2_font_size=\u00bb40px\u00bb hover_enabled=\u00bb0&#8243; header_font_size_tablet=\u00bb\u00bb header_font_size_phone=\u00bb\u00bb header_font_size_last_edited=\u00bbon|desktop\u00bb header_2_font_tablet=\u00bb\u00bb header_2_font_phone=\u00bb\u00bb header_2_font_last_edited=\u00bbon|desktop\u00bb header_2_font_size_tablet=\u00bb40px\u00bb header_2_font_size_phone=\u00bb40px\u00bb header_2_font_size_last_edited=\u00bbon|desktop\u00bb global_colors_info=\u00bb{}\u00bb sticky_enabled=\u00bb0&#8243;]<\/p>\n<h2>Calendario remo<\/h2>\n<p>A continuaci\u00f3n encontrar\u00e1s el calendario y horarios de Remo 2024-2025:<\/p>\n<p>[\/et_pb_text][\/et_pb_column][\/et_pb_row][\/et_pb_section][et_pb_section fb_built=\u00bb1&#8243; _builder_version=\u00bb4.27.2&#8243; _module_preset=\u00bbdefault\u00bb global_colors_info=\u00bb{}\u00bb][et_pb_row _builder_version=\u00bb4.27.2&#8243; _module_preset=\u00bbdefault\u00bb global_colors_info=\u00bb{}\u00bb][et_pb_column type=\u00bb4_4&#8243; _builder_version=\u00bb4.27.2&#8243; _module_preset=\u00bbdefault\u00bb global_colors_info=\u00bb{}\u00bb][et_pb_image src=\u00bbhttps:\/\/cnsfg.cat\/wp-content\/uploads\/2025\/01\/CNSFG-calendari-rem-temporada-2024-2025-ok.jpg\u00bb title_text=\u00bbCNSFG calendario remo temporada 2024-2025 ok\u00bb _builder_version=\u00bb4.27.4&#8243; _module_preset=\u00bbdefault\u00bb global_colors_info=\u00bb{}\u00bb][\/et_pb_image][\/et_pb_column][\/et_pb_row][\/et_pb_section][et_pb_section fb_built=\u00bb1&#8243; custom_padding_last_edited=\u00bbon|tablet\u00bb admin_label=\u00bbbloques submenu\u00bb module_class=\u00bbtina_finest_girl_content bloque-submenu\u00bb _builder_version=\u00bb4.17.3&#8243; background_color=\u00bb#65ADD2&#8243; custom_padding=\u00bb0px||90px||false|false\u00bb custom_padding_tablet=\u00bb40px||40px||false|false\u00bb custom_padding_phone=\u00bb40px||40px||false|false\u00bb global_module=\u00bb344847&#8243; saved_tabs=\u00bball\u00bb collapsed=\u00bboff\u00bb global_colors_info=\u00bb{}\u00bb][et_pb_row column_structure=\u00bb1_4,1_4,1_4,1_4&#8243; use_custom_gutter=\u00bbon\u00bb gutter_width=\u00bb2&#8243; admin_label=\u00bbPara cambiar la l\u00ednea animada de color ir a &#8211; Avanzado &#8211; CSS personalizado &#8211; Antes\u00bb _builder_version=\u00bb4.16&#8243; width=\u00bb90%\u00bb custom_padding=\u00bb80px||||false|false\u00bb custom_css_main_element=\u00bbcounter-reset:counter;\u00bb global_colors_info=\u00bb{}\u00bb][et_pb_column type=\u00bb1_4&#8243; _builder_version=\u00bb4.16&#8243; custom_padding_tablet=\u00bb35px|25px|35px|25px|true|true\u00bb custom_padding_last_edited=\u00bboff|desktop\u00bb custom_css_main_element=\u00bb    width: 23% !important;||    margin-right: 2% !important;\u00bb border_color_all=\u00bb#e5e5e5&#8243; global_colors_info=\u00bb{}\u00bb][et_pb_blurb title=\u00bbEscuela de vela\u00bb url=\u00bb@ET-DC@eyJkeW5hbWljIjp0cnVlLCJjb250ZW50IjoicG9zdF9saW5rX3VybF9wYWdlIiwic2V0dGluZ3MiOnsicG9zdF9pZCI6IjI2NTIwNSJ9fQ==@\u00bb image=\u00bbhttps:\/\/cnsfg.cat\/wp-content\/uploads\/2021\/08\/018-velero.png\u00bb icon_alignment=\u00bbright\u00bb content_max_width=\u00bb100%\u00bb admin_label=\u00bbescola vela &#8211; image 60x92px\u00bb _builder_version=\u00bb4.27.2&#8243; _dynamic_attributes=\u00bburl,link_option_url\u00bb header_level=\u00bbh3&#8243; header_font=\u00bb|700|||||||\u00bb header_text_color=\u00bb#1e1e26&#8243; header_font_size=\u00bb30px\u00bb body_font=\u00bbMontserrat||||||||\u00bb body_text_color=\u00bb#9b9b9b\u00bb body_font_size=\u00bb16px\u00bb body_line_height=\u00bb167%\u00bb background_color=\u00bb#ffffff\u00bb custom_padding=\u00bb35px|42px|63px|48px|false|false\u00bb custom_padding_tablet=\u00bb20px|10px|20px|10px|false|false\u00bb custom_padding_phone=\u00bb\u00bb custom_padding_last_edited=\u00bbon|tablet\u00bb animation=\u00bboff\u00bb link_option_url=\u00bb@ET-DC@eyJkeW5hbWljIjp0cnVlLCJjb250ZW50IjoicG9zdF9saW5rX3VybF9wYWdlIiwic2V0dGluZ3MiOnsicG9zdF9pZCI6IjI2NTIwNSJ9fQ==@\u00bb header_font_size_tablet=\u00bb20px\u00bb header_font_size_phone=\u00bb\u00bb header_font_size_last_edited=\u00bbon|phone\u00bb custom_css_before=\u00bbbackground: #ffd620;\u00bb custom_css_main_element=\u00bbfont-weight: 400;\u00bb custom_css_blurb_image=\u00bb    margin-bottom: 18px;\u00bb custom_css_blurb_title=\u00bbposition: relative;||font-weight: 800;||padding-top: 27px;||\u00bb custom_css_blurb_content=\u00bbfont-weight: 400;||\u00bb border_width_all=\u00bb1px\u00bb border_color_all=\u00bb#e5e5e5&#8243; global_colors_info=\u00bb{}\u00bb][\/et_pb_blurb][\/et_pb_column][et_pb_column type=\u00bb1_4&#8243; _builder_version=\u00bb4.16&#8243; custom_padding_tablet=\u00bb35px|25px|35px|25px|true|true\u00bb custom_padding_last_edited=\u00bboff|desktop\u00bb custom_css_main_element=\u00bb    width: 23% !important;||    margin-right: 2% !important;\u00bb border_color_all=\u00bb#e5e5e5&#8243; global_colors_info=\u00bb{}\u00bb][et_pb_blurb title=\u00bbCursos\u00bb url=\u00bbhttps:\/\/cnsfg.cat\/es\/actividades\/escuela-de-vela\/#cursos\u00bb image=\u00bbhttps:\/\/cnsfg.cat\/wp-content\/uploads\/2021\/08\/020-ensenando.png\u00bb icon_alignment=\u00bbright\u00bb content_max_width=\u00bb100%\u00bb admin_label=\u00bbcursos image 78x92px\u00bb _builder_version=\u00bb4.18.0&#8243; header_level=\u00bbh3&#8243; header_font=\u00bb|700|||||||\u00bb header_text_color=\u00bb#1e1e26&#8243; header_font_size=\u00bb30px\u00bb body_font=\u00bbMontserrat||||||||\u00bb body_text_color=\u00bb#9b9b9b\u00bb body_font_size=\u00bb16px\u00bb body_line_height=\u00bb167%\u00bb background_color=\u00bb#ffffff\u00bb custom_padding=\u00bb35px|42px|63px|48px|false|false\u00bb custom_padding_tablet=\u00bb20px|10px|20px|10px|false|false\u00bb custom_padding_phone=\u00bb\u00bb custom_padding_last_edited=\u00bbon|tablet\u00bb animation=\u00bboff\u00bb link_option_url=\u00bbhttps:\/\/cnsfg.cat\/es\/actividades\/escuela-de-vela\/#cursos\u00bb header_font_size_tablet=\u00bb20px\u00bb header_font_size_phone=\u00bb\u00bb header_font_size_last_edited=\u00bbon|phone\u00bb custom_css_before=\u00bbbackground: #ffd620;\u00bb custom_css_main_element=\u00bbfont-weight: 400;\u00bb custom_css_blurb_image=\u00bb    margin-bottom: 18px;\u00bb custom_css_blurb_title=\u00bbposition: relative;||font-weight: 800;||padding-top: 27px;||\u00bb custom_css_blurb_content=\u00bbfont-weight: 400;||\u00bb border_width_all=\u00bb1px\u00bb border_color_all=\u00bb#e5e5e5&#8243; locked=\u00bboff\u00bb global_colors_info=\u00bb{}\u00bb][\/et_pb_blurb][\/et_pb_column][et_pb_column type=\u00bb1_4&#8243; _builder_version=\u00bb4.16&#8243; custom_padding_tablet=\u00bb35px|25px|35px|25px|true|true\u00bb custom_padding_last_edited=\u00bboff|desktop\u00bb custom_css_main_element=\u00bb    width: 23% !important;||    margin-right: 2% !important;\u00bb border_color_all=\u00bb#e5e5e5&#8243; global_colors_info=\u00bb{}\u00bb][et_pb_blurb title=\u00bbPara escuelas\u00bb url=\u00bb@ET-DC@eyJkeW5hbWljIjp0cnVlLCJjb250ZW50IjoicG9zdF9saW5rX3VybF9wYWdlIiwic2V0dGluZ3MiOnsicG9zdF9pZCI6IjI2NTIxMSJ9fQ==@\u00bb image=\u00bbhttps:\/\/cnsfg.cat\/wp-content\/uploads\/2021\/08\/021-escritorios.png\u00bb icon_alignment=\u00bbright\u00bb content_max_width=\u00bb100%\u00bb admin_label=\u00bbacti escoles &#8211; image 104x92px\u00bb _builder_version=\u00bb4.16&#8243; _dynamic_attributes=\u00bburl,link_option_url\u00bb header_level=\u00bbh3&#8243; header_font=\u00bb|700|||||||\u00bb header_text_color=\u00bb#1e1e26&#8243; header_font_size=\u00bb30px\u00bb body_font=\u00bbMontserrat||||||||\u00bb body_text_color=\u00bb#9b9b9b\u00bb body_font_size=\u00bb16px\u00bb body_line_height=\u00bb167%\u00bb background_color=\u00bb#ffffff\u00bb custom_padding=\u00bb35px|42px|63px|48px|false|false\u00bb custom_padding_tablet=\u00bb20px|10px|20px|10px|false|false\u00bb custom_padding_phone=\u00bb\u00bb custom_padding_last_edited=\u00bbon|tablet\u00bb animation=\u00bboff\u00bb link_option_url=\u00bb@ET-DC@eyJkeW5hbWljIjp0cnVlLCJjb250ZW50IjoicG9zdF9saW5rX3VybF9wYWdlIiwic2V0dGluZ3MiOnsicG9zdF9pZCI6IjI2NTIxMSJ9fQ==@\u00bb header_font_size_tablet=\u00bb20px\u00bb header_font_size_phone=\u00bb\u00bb header_font_size_last_edited=\u00bbon|phone\u00bb custom_css_before=\u00bbbackground: #ffd620;\u00bb custom_css_main_element=\u00bbfont-weight: 400;\u00bb custom_css_blurb_image=\u00bb    margin-bottom: 18px;\u00bb custom_css_blurb_title=\u00bbposition: relative;||font-weight: 800;||padding-top: 27px;||\u00bb custom_css_blurb_content=\u00bbfont-weight: 400;||\u00bb border_width_all=\u00bb1px\u00bb border_color_all=\u00bb#e5e5e5&#8243; locked=\u00bboff\u00bb global_colors_info=\u00bb{}\u00bb][\/et_pb_blurb][\/et_pb_column][et_pb_column type=\u00bb1_4&#8243; _builder_version=\u00bb4.16&#8243; custom_padding_tablet=\u00bb35px|25px|35px|25px|true|true\u00bb custom_padding_last_edited=\u00bboff|desktop\u00bb custom_css_main_element=\u00bb    width: 23% !important;||    margin-right: 2% !important;\u00bb border_color_all=\u00bb#e5e5e5&#8243; global_colors_info=\u00bb{}\u00bb][et_pb_blurb title=\u00bbCalendario\u00bb url=\u00bbhttps:\/\/cnsfg.cat\/es\/actividades\/#calendari-activitats\u00bb image=\u00bbhttps:\/\/cnsfg.cat\/wp-content\/uploads\/2021\/08\/023-calendario-1.png\u00bb icon_alignment=\u00bbright\u00bb content_max_width=\u00bb100%\u00bb admin_label=\u00bbcalendari activitats &#8211; image 104x92px\u00bb _builder_version=\u00bb4.18.0&#8243; header_level=\u00bbh3&#8243; header_font=\u00bb|700|||||||\u00bb header_text_color=\u00bb#1e1e26&#8243; header_font_size=\u00bb30px\u00bb body_font=\u00bbMontserrat||||||||\u00bb body_text_color=\u00bb#9b9b9b\u00bb body_font_size=\u00bb16px\u00bb body_line_height=\u00bb167%\u00bb background_color=\u00bb#ffffff\u00bb custom_padding=\u00bb35px|42px|63px|48px|false|false\u00bb custom_padding_tablet=\u00bb20px|10px|20px|10px|false|false\u00bb custom_padding_phone=\u00bb\u00bb custom_padding_last_edited=\u00bbon|tablet\u00bb animation=\u00bboff\u00bb link_option_url=\u00bbhttps:\/\/cnsfg.cat\/es\/actividades\/#calendari-activitats\u00bb header_font_size_tablet=\u00bb20px\u00bb header_font_size_phone=\u00bb\u00bb header_font_size_last_edited=\u00bbon|phone\u00bb custom_css_before=\u00bbbackground: #ffd620;\u00bb custom_css_main_element=\u00bbfont-weight: 400;\u00bb custom_css_blurb_image=\u00bb    margin-bottom: 18px;\u00bb custom_css_blurb_title=\u00bbposition: relative;||font-weight: 800;||padding-top: 27px;||\u00bb custom_css_blurb_content=\u00bbfont-weight: 400;||\u00bb border_width_all=\u00bb1px\u00bb border_color_all=\u00bb#e5e5e5&#8243; locked=\u00bboff\u00bb global_colors_info=\u00bb{}\u00bb][\/et_pb_blurb][\/et_pb_column][\/et_pb_row][et_pb_row column_structure=\u00bb1_4,1_4,1_4,1_4&#8243; use_custom_gutter=\u00bbon\u00bb gutter_width=\u00bb2&#8243; admin_label=\u00bbPara cambiar la l\u00ednea animada de color ir a &#8211; Avanzado &#8211; CSS personalizado &#8211; Antes\u00bb _builder_version=\u00bb4.16&#8243; width=\u00bb90%\u00bb custom_padding=\u00bb0px||0px||false|false\u00bb custom_css_main_element=\u00bbcounter-reset: section 3;\u00bb global_colors_info=\u00bb{}\u00bb][et_pb_column type=\u00bb1_4&#8243; _builder_version=\u00bb4.16&#8243; custom_padding_tablet=\u00bb35px|25px|35px|25px|true|true\u00bb custom_padding_last_edited=\u00bboff|desktop\u00bb custom_css_main_element=\u00bb    width: 23% !important;||    margin-right: 2% !important;\u00bb border_color_all=\u00bb#e5e5e5&#8243; global_colors_info=\u00bb{}\u00bb][et_pb_blurb title=\u00bbAlquiler\u00bb url=\u00bb@ET-DC@eyJkeW5hbWljIjp0cnVlLCJjb250ZW50IjoicG9zdF9saW5rX3VybF9wYWdlIiwic2V0dGluZ3MiOnsicG9zdF9pZCI6IjI2NTIyNSJ9fQ==@\u00bb image=\u00bbhttps:\/\/cnsfg.cat\/wp-content\/uploads\/2021\/08\/windsurf.png\u00bb icon_alignment=\u00bbright\u00bb content_max_width=\u00bb100%\u00bb admin_label=\u00bblloguer &#8211; image 60x92px\u00bb _builder_version=\u00bb4.16&#8243; _dynamic_attributes=\u00bburl,link_option_url\u00bb header_level=\u00bbh3&#8243; header_font=\u00bb|700|||||||\u00bb header_text_color=\u00bb#1e1e26&#8243; header_font_size=\u00bb30px\u00bb body_font=\u00bbMontserrat||||||||\u00bb body_text_color=\u00bb#9b9b9b\u00bb body_font_size=\u00bb16px\u00bb body_line_height=\u00bb167%\u00bb background_color=\u00bb#ffffff\u00bb custom_padding=\u00bb35px|42px|63px|48px|false|false\u00bb custom_padding_tablet=\u00bb20px|10px|20px|10px|false|false\u00bb custom_padding_phone=\u00bb\u00bb custom_padding_last_edited=\u00bbon|tablet\u00bb animation=\u00bboff\u00bb link_option_url=\u00bb@ET-DC@eyJkeW5hbWljIjp0cnVlLCJjb250ZW50IjoicG9zdF9saW5rX3VybF9wYWdlIiwic2V0dGluZ3MiOnsicG9zdF9pZCI6IjI2NTIyNSJ9fQ==@\u00bb header_font_size_tablet=\u00bb20px\u00bb header_font_size_phone=\u00bb\u00bb header_font_size_last_edited=\u00bbon|phone\u00bb custom_css_before=\u00bbbackground: #ffd620;\u00bb custom_css_main_element=\u00bbfont-weight: 400;\u00bb custom_css_blurb_image=\u00bb    margin-bottom: 18px;\u00bb custom_css_blurb_title=\u00bbposition: relative;||font-weight: 800;||padding-top: 27px;||\u00bb custom_css_blurb_content=\u00bbfont-weight: 400;||\u00bb border_width_all=\u00bb1px\u00bb border_color_all=\u00bb#e5e5e5&#8243; global_colors_info=\u00bb{}\u00bb][\/et_pb_blurb][\/et_pb_column][et_pb_column type=\u00bb1_4&#8243; _builder_version=\u00bb4.16&#8243; custom_padding_tablet=\u00bb35px|25px|35px|25px|true|true\u00bb custom_padding_last_edited=\u00bboff|desktop\u00bb custom_css_main_element=\u00bb    width: 23% !important;||    margin-right: 2% !important;\u00bb border_color_all=\u00bb#e5e5e5&#8243; global_colors_info=\u00bb{}\u00bb][et_pb_blurb title=\u00bbSubmarinismo\u00bb url=\u00bb@ET-DC@eyJkeW5hbWljIjp0cnVlLCJjb250ZW50IjoicG9zdF9saW5rX3VybF9wYWdlIiwic2V0dGluZ3MiOnsicG9zdF9pZCI6IjI2NTIyMSJ9fQ==@\u00bb image=\u00bbhttps:\/\/cnsfg.cat\/wp-content\/uploads\/2021\/08\/025-submarinismo.png\u00bb icon_alignment=\u00bbright\u00bb content_max_width=\u00bb100%\u00bb admin_label=\u00bbsubmarinisme &#8211; image 78x92px\u00bb _builder_version=\u00bb4.16&#8243; _dynamic_attributes=\u00bburl,link_option_url\u00bb header_level=\u00bbh3&#8243; header_font=\u00bb|700|||||||\u00bb header_text_color=\u00bb#1e1e26&#8243; header_font_size=\u00bb30px\u00bb body_font=\u00bbMontserrat||||||||\u00bb body_text_color=\u00bb#9b9b9b\u00bb body_font_size=\u00bb16px\u00bb body_line_height=\u00bb167%\u00bb background_color=\u00bb#ffffff\u00bb custom_padding=\u00bb35px|42px|63px|48px|false|false\u00bb custom_padding_tablet=\u00bb20px|10px|20px|10px|false|false\u00bb custom_padding_phone=\u00bb\u00bb custom_padding_last_edited=\u00bbon|tablet\u00bb animation=\u00bboff\u00bb link_option_url=\u00bb@ET-DC@eyJkeW5hbWljIjp0cnVlLCJjb250ZW50IjoicG9zdF9saW5rX3VybF9wYWdlIiwic2V0dGluZ3MiOnsicG9zdF9pZCI6IjI2NTIyMSJ9fQ==@\u00bb header_font_size_tablet=\u00bb20px\u00bb header_font_size_phone=\u00bb\u00bb header_font_size_last_edited=\u00bbon|phone\u00bb custom_css_before=\u00bbbackground: #ffd620;\u00bb custom_css_main_element=\u00bbfont-weight: 400;\u00bb custom_css_blurb_image=\u00bb    margin-bottom: 18px;\u00bb custom_css_blurb_title=\u00bbposition: relative;||font-weight: 800;||padding-top: 27px;||\u00bb custom_css_blurb_content=\u00bbfont-weight: 400;||\u00bb border_width_all=\u00bb1px\u00bb border_color_all=\u00bb#e5e5e5&#8243; locked=\u00bboff\u00bb global_colors_info=\u00bb{}\u00bb][\/et_pb_blurb][\/et_pb_column][et_pb_column type=\u00bb1_4&#8243; _builder_version=\u00bb4.16&#8243; custom_padding_tablet=\u00bb35px|25px|35px|25px|true|true\u00bb custom_padding_last_edited=\u00bboff|desktop\u00bb custom_css_main_element=\u00bb    width: 23% !important;||    margin-right: 2% !important;\u00bb border_color_all=\u00bb#e5e5e5&#8243; global_colors_info=\u00bb{}\u00bb][et_pb_blurb title=\u00bbPesca\u00bb url=\u00bb@ET-DC@eyJkeW5hbWljIjp0cnVlLCJjb250ZW50IjoicG9zdF9saW5rX3VybF9wYWdlIiwic2V0dGluZ3MiOnsicG9zdF9pZCI6IjI2NTIyMyJ9fQ==@\u00bb image=\u00bbhttps:\/\/cnsfg.cat\/wp-content\/uploads\/2021\/08\/026-pescador.png\u00bb icon_alignment=\u00bbright\u00bb content_max_width=\u00bb100%\u00bb admin_label=\u00bbpesca &#8211; image 104x92px\u00bb _builder_version=\u00bb4.16&#8243; _dynamic_attributes=\u00bburl,link_option_url\u00bb header_level=\u00bbh3&#8243; header_font=\u00bb|700|||||||\u00bb header_text_color=\u00bb#1e1e26&#8243; header_font_size=\u00bb30px\u00bb body_font=\u00bbMontserrat||||||||\u00bb body_text_color=\u00bb#9b9b9b\u00bb body_font_size=\u00bb16px\u00bb body_line_height=\u00bb167%\u00bb background_color=\u00bb#ffffff\u00bb custom_padding=\u00bb35px|42px|63px|48px|false|false\u00bb custom_padding_tablet=\u00bb20px|10px|20px|10px|false|false\u00bb custom_padding_phone=\u00bb\u00bb custom_padding_last_edited=\u00bbon|tablet\u00bb animation=\u00bboff\u00bb link_option_url=\u00bb@ET-DC@eyJkeW5hbWljIjp0cnVlLCJjb250ZW50IjoicG9zdF9saW5rX3VybF9wYWdlIiwic2V0dGluZ3MiOnsicG9zdF9pZCI6IjI2NTIyMyJ9fQ==@\u00bb header_font_size_tablet=\u00bb20px\u00bb header_font_size_phone=\u00bb\u00bb header_font_size_last_edited=\u00bbon|phone\u00bb custom_css_before=\u00bbbackground: #ffd620;\u00bb custom_css_main_element=\u00bbfont-weight: 400;\u00bb custom_css_blurb_image=\u00bb    margin-bottom: 18px;\u00bb custom_css_blurb_title=\u00bbposition: relative;||font-weight: 800;||padding-top: 27px;||\u00bb custom_css_blurb_content=\u00bbfont-weight: 400;||\u00bb border_width_all=\u00bb1px\u00bb border_color_all=\u00bb#e5e5e5&#8243; locked=\u00bboff\u00bb global_colors_info=\u00bb{}\u00bb][\/et_pb_blurb][\/et_pb_column][et_pb_column type=\u00bb1_4&#8243; _builder_version=\u00bb4.16&#8243; custom_padding_tablet=\u00bb35px|25px|35px|25px|true|true\u00bb custom_padding_last_edited=\u00bboff|desktop\u00bb custom_css_main_element=\u00bb    width: 23% !important;||    margin-right: 2% !important;\u00bb border_color_all=\u00bb#e5e5e5&#8243; global_colors_info=\u00bb{}\u00bb][et_pb_blurb title=\u00bbEntorno\u00bb url=\u00bb@ET-DC@eyJkeW5hbWljIjp0cnVlLCJjb250ZW50IjoicG9zdF9saW5rX3VybF9wYWdlIiwic2V0dGluZ3MiOnsicG9zdF9pZCI6IjI2NTIyNyJ9fQ==@\u00bb image=\u00bbhttps:\/\/cnsfg.cat\/wp-content\/uploads\/2021\/08\/027-cascada.png\u00bb icon_alignment=\u00bbright\u00bb content_max_width=\u00bb100%\u00bb admin_label=\u00bbentorn- image 104x92px\u00bb _builder_version=\u00bb4.16&#8243; _dynamic_attributes=\u00bburl,link_option_url\u00bb header_level=\u00bbh3&#8243; header_font=\u00bb|700|||||||\u00bb header_text_color=\u00bb#1e1e26&#8243; header_font_size=\u00bb30px\u00bb body_font=\u00bbMontserrat||||||||\u00bb body_text_color=\u00bb#9b9b9b\u00bb body_font_size=\u00bb16px\u00bb body_line_height=\u00bb167%\u00bb background_color=\u00bb#ffffff\u00bb custom_padding=\u00bb35px|42px|63px|48px|false|false\u00bb custom_padding_tablet=\u00bb20px|10px|20px|10px|false|false\u00bb custom_padding_phone=\u00bb\u00bb custom_padding_last_edited=\u00bbon|tablet\u00bb animation=\u00bboff\u00bb link_option_url=\u00bb@ET-DC@eyJkeW5hbWljIjp0cnVlLCJjb250ZW50IjoicG9zdF9saW5rX3VybF9wYWdlIiwic2V0dGluZ3MiOnsicG9zdF9pZCI6IjI2NTIyNyJ9fQ==@\u00bb header_font_size_tablet=\u00bb20px\u00bb header_font_size_phone=\u00bb\u00bb header_font_size_last_edited=\u00bbon|phone\u00bb custom_css_before=\u00bbbackground: #ffd620;\u00bb custom_css_main_element=\u00bbfont-weight: 400;\u00bb custom_css_blurb_image=\u00bb    margin-bottom: 18px;\u00bb custom_css_blurb_title=\u00bbposition: relative;||font-weight: 800;||padding-top: 27px;||\u00bb custom_css_blurb_content=\u00bbfont-weight: 400;||\u00bb border_width_all=\u00bb1px\u00bb border_color_all=\u00bb#e5e5e5&#8243; locked=\u00bboff\u00bb global_colors_info=\u00bb{}\u00bb][\/et_pb_blurb][\/et_pb_column][\/et_pb_row][\/et_pb_section]<\/p>\n","protected":false},"excerpt":{"rendered":"<p>RemoCursos, competiciones y actividades de remo.El Club N\u00e1utico Sant Feliu de Gu\u00edxols incorpora una nueva actividad de Remo en 2024 con la visi\u00f3n de llegar a ser un referente del [&hellip;]<\/p>\n","protected":false},"author":5,"featured_media":407594,"parent":349654,"menu_order":0,"comment_status":"closed","ping_status":"closed","template":"","meta":{"_et_pb_use_builder":"on","_et_pb_old_content":"","_et_gb_content_width":"","footnotes":""},"difl_page_category":[],"class_list":["post-403979","page","type-page","status-publish","has-post-thumbnail","hentry"],"yoast_head":"<!-- This site is optimized with the Yoast SEO plugin v27.4 - https:\/\/yoast.com\/product\/yoast-seo-wordpress\/ -->\n<title>Remo - cursos y competiciones - Club N\u00e0utic Sant Feliu de Guixols<\/title>\n<meta name=\"description\" content=\"La escuela de Remo del Club N\u00e1utico Sant Feliu de Gu\u00edxols ofrece cursos, competiciones y actividades deportivas de remo para todas las edades.\" \/>\n<meta name=\"robots\" content=\"index, follow, max-snippet:-1, max-image-preview:large, max-video-preview:-1\" \/>\n<link rel=\"canonical\" href=\"https:\/\/cnsfg.cat\/es\/actividades\/remo-cursos-y-competiciones\/\" \/>\n<meta property=\"og:locale\" content=\"es_ES\" \/>\n<meta property=\"og:type\" content=\"article\" \/>\n<meta property=\"og:title\" content=\"Remo - cursos y competiciones - Club N\u00e0utic Sant Feliu de Guixols\" \/>\n<meta property=\"og:description\" content=\"La escuela de Remo del Club N\u00e1utico Sant Feliu de Gu\u00edxols ofrece cursos, competiciones y actividades deportivas de remo para todas las edades.\" \/>\n<meta property=\"og:url\" content=\"https:\/\/cnsfg.cat\/es\/actividades\/remo-cursos-y-competiciones\/\" \/>\n<meta property=\"og:site_name\" content=\"Club N\u00e0utic Sant Feliu de Guixols\" \/>\n<meta property=\"article:publisher\" content=\"https:\/\/www.facebook.com\/Club-N%c3%a0utic-Sant-Feliu-525823567569507\/\" \/>\n<meta property=\"article:modified_time\" content=\"2025-01-23T13:54:48+00:00\" \/>\n<meta property=\"og:image\" content=\"https:\/\/cnsfg.cat\/wp-content\/uploads\/2024\/10\/CNSFG-rem_05.jpeg\" \/>\n\t<meta property=\"og:image:width\" content=\"1536\" \/>\n\t<meta property=\"og:image:height\" content=\"2048\" \/>\n\t<meta property=\"og:image:type\" content=\"image\/jpeg\" \/>\n<meta name=\"twitter:card\" content=\"summary_large_image\" \/>\n<meta name=\"twitter:site\" content=\"@NauticSantFeliu\" \/>\n<script type=\"application\/ld+json\" class=\"yoast-schema-graph\">{\"@context\":\"https:\\\/\\\/schema.org\",\"@graph\":[{\"@type\":\"WebPage\",\"@id\":\"https:\\\/\\\/cnsfg.cat\\\/es\\\/actividades\\\/remo-cursos-y-competiciones\\\/\",\"url\":\"https:\\\/\\\/cnsfg.cat\\\/es\\\/actividades\\\/remo-cursos-y-competiciones\\\/\",\"name\":\"Remo - cursos y competiciones - Club N\u00e0utic Sant Feliu de Guixols\",\"isPartOf\":{\"@id\":\"https:\\\/\\\/cnsfg.cat\\\/es\\\/#website\"},\"primaryImageOfPage\":{\"@id\":\"https:\\\/\\\/cnsfg.cat\\\/es\\\/actividades\\\/remo-cursos-y-competiciones\\\/#primaryimage\"},\"image\":{\"@id\":\"https:\\\/\\\/cnsfg.cat\\\/es\\\/actividades\\\/remo-cursos-y-competiciones\\\/#primaryimage\"},\"thumbnailUrl\":\"https:\\\/\\\/cnsfg.cat\\\/wp-content\\\/uploads\\\/2025\\\/07\\\/12.05.25-CAMPIONAT-DE-CATALUNYA-6.jpg\",\"datePublished\":\"2024-10-16T15:20:29+00:00\",\"dateModified\":\"2025-01-23T13:54:48+00:00\",\"description\":\"La escuela de Remo del Club N\u00e1utico Sant Feliu de Gu\u00edxols ofrece cursos, competiciones y actividades deportivas de remo para todas las edades.\",\"breadcrumb\":{\"@id\":\"https:\\\/\\\/cnsfg.cat\\\/es\\\/actividades\\\/remo-cursos-y-competiciones\\\/#breadcrumb\"},\"inLanguage\":\"es\",\"potentialAction\":[{\"@type\":\"ReadAction\",\"target\":[\"https:\\\/\\\/cnsfg.cat\\\/es\\\/actividades\\\/remo-cursos-y-competiciones\\\/\"]}]},{\"@type\":\"ImageObject\",\"inLanguage\":\"es\",\"@id\":\"https:\\\/\\\/cnsfg.cat\\\/es\\\/actividades\\\/remo-cursos-y-competiciones\\\/#primaryimage\",\"url\":\"https:\\\/\\\/cnsfg.cat\\\/wp-content\\\/uploads\\\/2025\\\/07\\\/12.05.25-CAMPIONAT-DE-CATALUNYA-6.jpg\",\"contentUrl\":\"https:\\\/\\\/cnsfg.cat\\\/wp-content\\\/uploads\\\/2025\\\/07\\\/12.05.25-CAMPIONAT-DE-CATALUNYA-6.jpg\",\"width\":1360,\"height\":765},{\"@type\":\"BreadcrumbList\",\"@id\":\"https:\\\/\\\/cnsfg.cat\\\/es\\\/actividades\\\/remo-cursos-y-competiciones\\\/#breadcrumb\",\"itemListElement\":[{\"@type\":\"ListItem\",\"position\":1,\"name\":\"Portada\",\"item\":\"https:\\\/\\\/cnsfg.cat\\\/es\\\/\"},{\"@type\":\"ListItem\",\"position\":2,\"name\":\"Actividades\",\"item\":\"https:\\\/\\\/cnsfg.cat\\\/es\\\/actividades\\\/\"},{\"@type\":\"ListItem\",\"position\":3,\"name\":\"Remo &#8211; cursos y competiciones\"}]},{\"@type\":\"WebSite\",\"@id\":\"https:\\\/\\\/cnsfg.cat\\\/es\\\/#website\",\"url\":\"https:\\\/\\\/cnsfg.cat\\\/es\\\/\",\"name\":\"Club N\u00e0utic Sant Feliu de Guixols\",\"description\":\"Club N\u00e0utic Sant Feliu de Guixols\",\"publisher\":{\"@id\":\"https:\\\/\\\/cnsfg.cat\\\/es\\\/#organization\"},\"potentialAction\":[{\"@type\":\"SearchAction\",\"target\":{\"@type\":\"EntryPoint\",\"urlTemplate\":\"https:\\\/\\\/cnsfg.cat\\\/es\\\/?s={search_term_string}\"},\"query-input\":{\"@type\":\"PropertyValueSpecification\",\"valueRequired\":true,\"valueName\":\"search_term_string\"}}],\"inLanguage\":\"es\"},{\"@type\":\"Organization\",\"@id\":\"https:\\\/\\\/cnsfg.cat\\\/es\\\/#organization\",\"name\":\"Club Na\u00f9tic Sant Feliu de Guixols\",\"url\":\"https:\\\/\\\/cnsfg.cat\\\/es\\\/\",\"logo\":{\"@type\":\"ImageObject\",\"inLanguage\":\"es\",\"@id\":\"https:\\\/\\\/cnsfg.cat\\\/es\\\/#\\\/schema\\\/logo\\\/image\\\/\",\"url\":\"https:\\\/\\\/cnsfg.cat\\\/wp-content\\\/uploads\\\/2020\\\/03\\\/LOGO_CNSFG_180.png\",\"contentUrl\":\"https:\\\/\\\/cnsfg.cat\\\/wp-content\\\/uploads\\\/2020\\\/03\\\/LOGO_CNSFG_180.png\",\"width\":180,\"height\":71,\"caption\":\"Club Na\u00f9tic Sant Feliu de Guixols\"},\"image\":{\"@id\":\"https:\\\/\\\/cnsfg.cat\\\/es\\\/#\\\/schema\\\/logo\\\/image\\\/\"},\"sameAs\":[\"https:\\\/\\\/www.facebook.com\\\/Club-N\u00e0utic-Sant-Feliu-525823567569507\\\/\",\"https:\\\/\\\/x.com\\\/NauticSantFeliu\"]}]}<\/script>\n<!-- \/ Yoast SEO plugin. -->","yoast_head_json":{"title":"Remo - cursos y competiciones - Club N\u00e0utic Sant Feliu de Guixols","description":"La escuela de Remo del Club N\u00e1utico Sant Feliu de Gu\u00edxols ofrece cursos, competiciones y actividades deportivas de remo para todas las edades.","robots":{"index":"index","follow":"follow","max-snippet":"max-snippet:-1","max-image-preview":"max-image-preview:large","max-video-preview":"max-video-preview:-1"},"canonical":"https:\/\/cnsfg.cat\/es\/actividades\/remo-cursos-y-competiciones\/","og_locale":"es_ES","og_type":"article","og_title":"Remo - cursos y competiciones - Club N\u00e0utic Sant Feliu de Guixols","og_description":"La escuela de Remo del Club N\u00e1utico Sant Feliu de Gu\u00edxols ofrece cursos, competiciones y actividades deportivas de remo para todas las edades.","og_url":"https:\/\/cnsfg.cat\/es\/actividades\/remo-cursos-y-competiciones\/","og_site_name":"Club N\u00e0utic Sant Feliu de Guixols","article_publisher":"https:\/\/www.facebook.com\/Club-N%c3%a0utic-Sant-Feliu-525823567569507\/","article_modified_time":"2025-01-23T13:54:48+00:00","og_image":[{"width":1536,"height":2048,"url":"https:\/\/cnsfg.cat\/wp-content\/uploads\/2024\/10\/CNSFG-rem_05.jpeg","type":"image\/jpeg"}],"twitter_card":"summary_large_image","twitter_site":"@NauticSantFeliu","schema":{"@context":"https:\/\/schema.org","@graph":[{"@type":"WebPage","@id":"https:\/\/cnsfg.cat\/es\/actividades\/remo-cursos-y-competiciones\/","url":"https:\/\/cnsfg.cat\/es\/actividades\/remo-cursos-y-competiciones\/","name":"Remo - cursos y competiciones - Club N\u00e0utic Sant Feliu de Guixols","isPartOf":{"@id":"https:\/\/cnsfg.cat\/es\/#website"},"primaryImageOfPage":{"@id":"https:\/\/cnsfg.cat\/es\/actividades\/remo-cursos-y-competiciones\/#primaryimage"},"image":{"@id":"https:\/\/cnsfg.cat\/es\/actividades\/remo-cursos-y-competiciones\/#primaryimage"},"thumbnailUrl":"https:\/\/cnsfg.cat\/wp-content\/uploads\/2025\/07\/12.05.25-CAMPIONAT-DE-CATALUNYA-6.jpg","datePublished":"2024-10-16T15:20:29+00:00","dateModified":"2025-01-23T13:54:48+00:00","description":"La escuela de Remo del Club N\u00e1utico Sant Feliu de Gu\u00edxols ofrece cursos, competiciones y actividades deportivas de remo para todas las edades.","breadcrumb":{"@id":"https:\/\/cnsfg.cat\/es\/actividades\/remo-cursos-y-competiciones\/#breadcrumb"},"inLanguage":"es","potentialAction":[{"@type":"ReadAction","target":["https:\/\/cnsfg.cat\/es\/actividades\/remo-cursos-y-competiciones\/"]}]},{"@type":"ImageObject","inLanguage":"es","@id":"https:\/\/cnsfg.cat\/es\/actividades\/remo-cursos-y-competiciones\/#primaryimage","url":"https:\/\/cnsfg.cat\/wp-content\/uploads\/2025\/07\/12.05.25-CAMPIONAT-DE-CATALUNYA-6.jpg","contentUrl":"https:\/\/cnsfg.cat\/wp-content\/uploads\/2025\/07\/12.05.25-CAMPIONAT-DE-CATALUNYA-6.jpg","width":1360,"height":765},{"@type":"BreadcrumbList","@id":"https:\/\/cnsfg.cat\/es\/actividades\/remo-cursos-y-competiciones\/#breadcrumb","itemListElement":[{"@type":"ListItem","position":1,"name":"Portada","item":"https:\/\/cnsfg.cat\/es\/"},{"@type":"ListItem","position":2,"name":"Actividades","item":"https:\/\/cnsfg.cat\/es\/actividades\/"},{"@type":"ListItem","position":3,"name":"Remo &#8211; cursos y competiciones"}]},{"@type":"WebSite","@id":"https:\/\/cnsfg.cat\/es\/#website","url":"https:\/\/cnsfg.cat\/es\/","name":"Club N\u00e0utic Sant Feliu de Guixols","description":"Club N\u00e0utic Sant Feliu de Guixols","publisher":{"@id":"https:\/\/cnsfg.cat\/es\/#organization"},"potentialAction":[{"@type":"SearchAction","target":{"@type":"EntryPoint","urlTemplate":"https:\/\/cnsfg.cat\/es\/?s={search_term_string}"},"query-input":{"@type":"PropertyValueSpecification","valueRequired":true,"valueName":"search_term_string"}}],"inLanguage":"es"},{"@type":"Organization","@id":"https:\/\/cnsfg.cat\/es\/#organization","name":"Club Na\u00f9tic Sant Feliu de Guixols","url":"https:\/\/cnsfg.cat\/es\/","logo":{"@type":"ImageObject","inLanguage":"es","@id":"https:\/\/cnsfg.cat\/es\/#\/schema\/logo\/image\/","url":"https:\/\/cnsfg.cat\/wp-content\/uploads\/2020\/03\/LOGO_CNSFG_180.png","contentUrl":"https:\/\/cnsfg.cat\/wp-content\/uploads\/2020\/03\/LOGO_CNSFG_180.png","width":180,"height":71,"caption":"Club Na\u00f9tic Sant Feliu de Guixols"},"image":{"@id":"https:\/\/cnsfg.cat\/es\/#\/schema\/logo\/image\/"},"sameAs":["https:\/\/www.facebook.com\/Club-N\u00e0utic-Sant-Feliu-525823567569507\/","https:\/\/x.com\/NauticSantFeliu"]}]}},"_links":{"self":[{"href":"https:\/\/cnsfg.cat\/es\/wp-json\/wp\/v2\/pages\/403979","targetHints":{"allow":["GET"]}}],"collection":[{"href":"https:\/\/cnsfg.cat\/es\/wp-json\/wp\/v2\/pages"}],"about":[{"href":"https:\/\/cnsfg.cat\/es\/wp-json\/wp\/v2\/types\/page"}],"author":[{"embeddable":true,"href":"https:\/\/cnsfg.cat\/es\/wp-json\/wp\/v2\/users\/5"}],"replies":[{"embeddable":true,"href":"https:\/\/cnsfg.cat\/es\/wp-json\/wp\/v2\/comments?post=403979"}],"version-history":[{"count":24,"href":"https:\/\/cnsfg.cat\/es\/wp-json\/wp\/v2\/pages\/403979\/revisions"}],"predecessor-version":[{"id":405920,"href":"https:\/\/cnsfg.cat\/es\/wp-json\/wp\/v2\/pages\/403979\/revisions\/405920"}],"up":[{"embeddable":true,"href":"https:\/\/cnsfg.cat\/es\/wp-json\/wp\/v2\/pages\/349654"}],"wp:featuredmedia":[{"embeddable":true,"href":"https:\/\/cnsfg.cat\/es\/wp-json\/wp\/v2\/media\/407594"}],"wp:attachment":[{"href":"https:\/\/cnsfg.cat\/es\/wp-json\/wp\/v2\/media?parent=403979"}],"wp:term":[{"taxonomy":"difl_page_category","embeddable":true,"href":"https:\/\/cnsfg.cat\/es\/wp-json\/wp\/v2\/difl_page_category?post=403979"}],"curies":[{"name":"wp","href":"https:\/\/api.w.org\/{rel}","templated":true}]}}